{"id":474,"date":"2019-04-16T18:21:19","date_gmt":"2019-04-16T18:21:19","guid":{"rendered":"http:\/\/jugend.edelweiss-puettlingen.de\/?page_id=474"},"modified":"2019-04-16T18:21:19","modified_gmt":"2019-04-16T18:21:19","slug":"erlebnistag","status":"publish","type":"page","link":"http:\/\/jugend.edelweiss-puettlingen.de\/?page_id=474","title":{"rendered":"Erlebnistag"},"content":{"rendered":"\n<p>Am 25. April 1998 fuhren beim Erlebnistag f\u00fcr Jugend und Familie zuerst in das Spa\u00dfbad nach Tholey. Anschlie\u00dfend besuchten wir eine Edelsteinmine in Idar-Oberstein und begaben uns danach auf einen gem\u00fctlichen Stadtbummel. Leider spielte das Wetter nicht mit und es regnete die meiste Zeit, weswegen der letzte Punkt leider ausfallen musste, weil der Spielpark in Neunkirchen\/Nahe wegen des schlechten Wetters geschlossen hatte.<\/p>\n\n\n\n<figure class=\"wp-block-image\"><a href=\"http:\/\/jugend.edelweiss-puettlingen.de\/?page_id=472\"><img loading=\"lazy\" width=\"50\" height=\"50\" src=\"http:\/\/jugend.edelweiss-puettlingen.de\/wp-content\/uploads\/2019\/04\/back-e1555163565790.jpg\" alt=\"\" class=\"wp-image-7\"\/><\/a><\/figure>\n\n\n\n<ul class=\"wp-container-2 wp-block-gallery-1 wp-block-gallery columns-1 is-cropped\"><li class=\"blocks-gallery-item\"><figure><img loading=\"lazy\" width=\"1024\" height=\"690\" src=\"http:\/\/jugend.edelweiss-puettlingen.de\/wp-content\/uploads\/2019\/04\/ET01-1024x690.jpg\" alt=\"\" data-id=\"475\" data-link=\"http:\/\/jugend.edelweiss-puettlingen.de\/?attachment_id=475\" class=\"wp-image-475\" srcset=\"http:\/\/jugend.edelweiss-puettlingen.de\/wp-content\/uploads\/2019\/04\/ET01-1024x690.jpg 1024w, http:\/\/jugend.edelweiss-puettlingen.de\/wp-content\/uploads\/2019\/04\/ET01-300x202.jpg 300w, http:\/\/jugend.edelweiss-puettlingen.de\/wp-content\/uploads\/2019\/04\/ET01-768x518.jpg 768w, http:\/\/jugend.edelweiss-puettlingen.de\/wp-content\/uploads\/2019\/04\/ET01.jpg 1200w\" sizes=\"(max-width: 1024px) 100vw, 1024px\" \/><\/figure><\/li><li class=\"blocks-gallery-item\"><figure><img loading=\"lazy\" width=\"1024\" height=\"701\" src=\"http:\/\/jugend.edelweiss-puettlingen.de\/wp-content\/uploads\/2019\/04\/ET02-1024x701.jpg\" alt=\"\" data-id=\"476\" data-link=\"http:\/\/jugend.edelweiss-puettlingen.de\/?attachment_id=476\" class=\"wp-image-476\" srcset=\"http:\/\/jugend.edelweiss-puettlingen.de\/wp-content\/uploads\/2019\/04\/ET02-1024x701.jpg 1024w, http:\/\/jugend.edelweiss-puettlingen.de\/wp-content\/uploads\/2019\/04\/ET02-300x205.jpg 300w, http:\/\/jugend.edelweiss-puettlingen.de\/wp-content\/uploads\/2019\/04\/ET02-768x525.jpg 768w, http:\/\/jugend.edelweiss-puettlingen.de\/wp-content\/uploads\/2019\/04\/ET02.jpg 1200w\" sizes=\"(max-width: 1024px) 100vw, 1024px\" \/><\/figure><\/li><li class=\"blocks-gallery-item\"><figure><img loading=\"lazy\" width=\"1024\" height=\"684\" src=\"http:\/\/jugend.edelweiss-puettlingen.de\/wp-content\/uploads\/2019\/04\/ET03-1024x684.jpg\" alt=\"\" data-id=\"477\" data-link=\"http:\/\/jugend.edelweiss-puettlingen.de\/?attachment_id=477\" class=\"wp-image-477\" srcset=\"http:\/\/jugend.edelweiss-puettlingen.de\/wp-content\/uploads\/2019\/04\/ET03-1024x684.jpg 1024w, http:\/\/jugend.edelweiss-puettlingen.de\/wp-content\/uploads\/2019\/04\/ET03-300x200.jpg 300w, http:\/\/jugend.edelweiss-puettlingen.de\/wp-content\/uploads\/2019\/04\/ET03-768x513.jpg 768w, http:\/\/jugend.edelweiss-puettlingen.de\/wp-content\/uploads\/2019\/04\/ET03.jpg 1200w\" sizes=\"(max-width: 1024px) 100vw, 1024px\" \/><\/figure><\/li><li class=\"blocks-gallery-item\"><figure><img loading=\"lazy\" width=\"1024\" height=\"667\" src=\"http:\/\/jugend.edelweiss-puettlingen.de\/wp-content\/uploads\/2019\/04\/ET04-1024x667.jpg\" alt=\"\" data-id=\"478\" data-link=\"http:\/\/jugend.edelweiss-puettlingen.de\/?attachment_id=478\" class=\"wp-image-478\" srcset=\"http:\/\/jugend.edelweiss-puettlingen.de\/wp-content\/uploads\/2019\/04\/ET04-1024x667.jpg 1024w, http:\/\/jugend.edelweiss-puettlingen.de\/wp-content\/uploads\/2019\/04\/ET04-300x196.jpg 300w, http:\/\/jugend.edelweiss-puettlingen.de\/wp-content\/uploads\/2019\/04\/ET04-768x500.jpg 768w, http:\/\/jugend.edelweiss-puettlingen.de\/wp-content\/uploads\/2019\/04\/ET04.jpg 1200w\" sizes=\"(max-width: 1024px) 100vw, 1024px\" \/><\/figure><\/li><li class=\"blocks-gallery-item\"><figure><img loading=\"lazy\" width=\"1024\" height=\"718\" src=\"http:\/\/jugend.edelweiss-puettlingen.de\/wp-content\/uploads\/2019\/04\/ET05-1024x718.jpg\" alt=\"\" data-id=\"479\" data-link=\"http:\/\/jugend.edelweiss-puettlingen.de\/?attachment_id=479\" class=\"wp-image-479\" srcset=\"http:\/\/jugend.edelweiss-puettlingen.de\/wp-content\/uploads\/2019\/04\/ET05-1024x718.jpg 1024w, http:\/\/jugend.edelweiss-puettlingen.de\/wp-content\/uploads\/2019\/04\/ET05-300x210.jpg 300w, http:\/\/jugend.edelweiss-puettlingen.de\/wp-content\/uploads\/2019\/04\/ET05-768x538.jpg 768w, http:\/\/jugend.edelweiss-puettlingen.de\/wp-content\/uploads\/2019\/04\/ET05.jpg 1200w\" sizes=\"(max-width: 1024px) 100vw, 1024px\" \/><\/figure><\/li><li class=\"blocks-gallery-item\"><figure><img loading=\"lazy\" width=\"1024\" height=\"719\" src=\"http:\/\/jugend.edelweiss-puettlingen.de\/wp-content\/uploads\/2019\/04\/ET06-1024x719.jpg\" alt=\"\" data-id=\"480\" data-link=\"http:\/\/jugend.edelweiss-puettlingen.de\/?attachment_id=480\" class=\"wp-image-480\" srcset=\"http:\/\/jugend.edelweiss-puettlingen.de\/wp-content\/uploads\/2019\/04\/ET06-1024x719.jpg 1024w, http:\/\/jugend.edelweiss-puettlingen.de\/wp-content\/uploads\/2019\/04\/ET06-300x211.jpg 300w, http:\/\/jugend.edelweiss-puettlingen.de\/wp-content\/uploads\/2019\/04\/ET06-768x539.jpg 768w, http:\/\/jugend.edelweiss-puettlingen.de\/wp-content\/uploads\/2019\/04\/ET06.jpg 1200w\" sizes=\"(max-width: 1024px) 100vw, 1024px\" \/><\/figure><\/li><li class=\"blocks-gallery-item\"><figure><img loading=\"lazy\" width=\"1024\" height=\"684\" src=\"http:\/\/jugend.edelweiss-puettlingen.de\/wp-content\/uploads\/2019\/04\/ET07-1024x684.jpg\" alt=\"\" data-id=\"481\" data-link=\"http:\/\/jugend.edelweiss-puettlingen.de\/?attachment_id=481\" class=\"wp-image-481\" srcset=\"http:\/\/jugend.edelweiss-puettlingen.de\/wp-content\/uploads\/2019\/04\/ET07-1024x684.jpg 1024w, http:\/\/jugend.edelweiss-puettlingen.de\/wp-content\/uploads\/2019\/04\/ET07-300x200.jpg 300w, http:\/\/jugend.edelweiss-puettlingen.de\/wp-content\/uploads\/2019\/04\/ET07-768x513.jpg 768w, http:\/\/jugend.edelweiss-puettlingen.de\/wp-content\/uploads\/2019\/04\/ET07.jpg 1200w\" sizes=\"(max-width: 1024px) 100vw, 1024px\" \/><\/figure><\/li><li class=\"blocks-gallery-item\"><figure><img loading=\"lazy\" width=\"1024\" height=\"713\" src=\"http:\/\/jugend.edelweiss-puettlingen.de\/wp-content\/uploads\/2019\/04\/ET08-1024x713.jpg\" alt=\"\" data-id=\"482\" data-link=\"http:\/\/jugend.edelweiss-puettlingen.de\/?attachment_id=482\" class=\"wp-image-482\" srcset=\"http:\/\/jugend.edelweiss-puettlingen.de\/wp-content\/uploads\/2019\/04\/ET08-1024x713.jpg 1024w, http:\/\/jugend.edelweiss-puettlingen.de\/wp-content\/uploads\/2019\/04\/ET08-300x209.jpg 300w, http:\/\/jugend.edelweiss-puettlingen.de\/wp-content\/uploads\/2019\/04\/ET08-768x535.jpg 768w, http:\/\/jugend.edelweiss-puettlingen.de\/wp-content\/uploads\/2019\/04\/ET08.jpg 1200w\" sizes=\"(max-width: 1024px) 100vw, 1024px\" \/><\/figure><\/li><li class=\"blocks-gallery-item\"><figure><img loading=\"lazy\" width=\"1024\" height=\"705\" src=\"http:\/\/jugend.edelweiss-puettlingen.de\/wp-content\/uploads\/2019\/04\/ET09-1024x705.jpg\" alt=\"\" data-id=\"483\" data-link=\"http:\/\/jugend.edelweiss-puettlingen.de\/?attachment_id=483\" class=\"wp-image-483\" srcset=\"http:\/\/jugend.edelweiss-puettlingen.de\/wp-content\/uploads\/2019\/04\/ET09-1024x705.jpg 1024w, http:\/\/jugend.edelweiss-puettlingen.de\/wp-content\/uploads\/2019\/04\/ET09-300x207.jpg 300w, http:\/\/jugend.edelweiss-puettlingen.de\/wp-content\/uploads\/2019\/04\/ET09-768x529.jpg 768w, http:\/\/jugend.edelweiss-puettlingen.de\/wp-content\/uploads\/2019\/04\/ET09.jpg 1200w\" sizes=\"(max-width: 1024px) 100vw, 1024px\" \/><\/figure><\/li><li class=\"blocks-gallery-item\"><figure><img loading=\"lazy\" width=\"1024\" height=\"666\" src=\"http:\/\/jugend.edelweiss-puettlingen.de\/wp-content\/uploads\/2019\/04\/ET10-1024x666.jpg\" alt=\"\" data-id=\"484\" data-link=\"http:\/\/jugend.edelweiss-puettlingen.de\/?attachment_id=484\" class=\"wp-image-484\" srcset=\"http:\/\/jugend.edelweiss-puettlingen.de\/wp-content\/uploads\/2019\/04\/ET10-1024x666.jpg 1024w, http:\/\/jugend.edelweiss-puettlingen.de\/wp-content\/uploads\/2019\/04\/ET10-300x195.jpg 300w, http:\/\/jugend.edelweiss-puettlingen.de\/wp-content\/uploads\/2019\/04\/ET10-768x500.jpg 768w, http:\/\/jugend.edelweiss-puettlingen.de\/wp-content\/uploads\/2019\/04\/ET10.jpg 1200w\" sizes=\"(max-width: 1024px) 100vw, 1024px\" \/><\/figure><\/li><li class=\"blocks-gallery-item\"><figure><img loading=\"lazy\" width=\"1024\" height=\"716\" src=\"http:\/\/jugend.edelweiss-puettlingen.de\/wp-content\/uploads\/2019\/04\/ET11-1024x716.jpg\" alt=\"\" data-id=\"485\" data-link=\"http:\/\/jugend.edelweiss-puettlingen.de\/?attachment_id=485\" class=\"wp-image-485\" srcset=\"http:\/\/jugend.edelweiss-puettlingen.de\/wp-content\/uploads\/2019\/04\/ET11-1024x716.jpg 1024w, http:\/\/jugend.edelweiss-puettlingen.de\/wp-content\/uploads\/2019\/04\/ET11-300x210.jpg 300w, http:\/\/jugend.edelweiss-puettlingen.de\/wp-content\/uploads\/2019\/04\/ET11-768x537.jpg 768w, http:\/\/jugend.edelweiss-puettlingen.de\/wp-content\/uploads\/2019\/04\/ET11.jpg 1200w\" sizes=\"(max-width: 1024px) 100vw, 1024px\" \/><\/figure><\/li><li class=\"blocks-gallery-item\"><figure><img loading=\"lazy\" width=\"1024\" height=\"688\" src=\"http:\/\/jugend.edelweiss-puettlingen.de\/wp-content\/uploads\/2019\/04\/ET12-1024x688.jpg\" alt=\"\" data-id=\"486\" data-link=\"http:\/\/jugend.edelweiss-puettlingen.de\/?attachment_id=486\" class=\"wp-image-486\" srcset=\"http:\/\/jugend.edelweiss-puettlingen.de\/wp-content\/uploads\/2019\/04\/ET12-1024x688.jpg 1024w, http:\/\/jugend.edelweiss-puettlingen.de\/wp-content\/uploads\/2019\/04\/ET12-300x202.jpg 300w, http:\/\/jugend.edelweiss-puettlingen.de\/wp-content\/uploads\/2019\/04\/ET12-768x516.jpg 768w, http:\/\/jugend.edelweiss-puettlingen.de\/wp-content\/uploads\/2019\/04\/ET12.jpg 1200w\" sizes=\"(max-width: 1024px) 100vw, 1024px\" \/><\/figure><\/li><li class=\"blocks-gallery-item\"><figure><img loading=\"lazy\" width=\"1024\" height=\"648\" src=\"http:\/\/jugend.edelweiss-puettlingen.de\/wp-content\/uploads\/2019\/04\/ET13-1024x648.jpg\" alt=\"\" data-id=\"487\" data-link=\"http:\/\/jugend.edelweiss-puettlingen.de\/?attachment_id=487\" class=\"wp-image-487\" srcset=\"http:\/\/jugend.edelweiss-puettlingen.de\/wp-content\/uploads\/2019\/04\/ET13-1024x648.jpg 1024w, http:\/\/jugend.edelweiss-puettlingen.de\/wp-content\/uploads\/2019\/04\/ET13-300x190.jpg 300w, http:\/\/jugend.edelweiss-puettlingen.de\/wp-content\/uploads\/2019\/04\/ET13-768x486.jpg 768w, http:\/\/jugend.edelweiss-puettlingen.de\/wp-content\/uploads\/2019\/04\/ET13.jpg 1200w\" sizes=\"(max-width: 1024px) 100vw, 1024px\" \/><\/figure><\/li><li class=\"blocks-gallery-item\"><figure><img loading=\"lazy\" width=\"1024\" height=\"713\" src=\"http:\/\/jugend.edelweiss-puettlingen.de\/wp-content\/uploads\/2019\/04\/ET14-1024x713.jpg\" alt=\"\" data-id=\"488\" data-link=\"http:\/\/jugend.edelweiss-puettlingen.de\/?attachment_id=488\" class=\"wp-image-488\" srcset=\"http:\/\/jugend.edelweiss-puettlingen.de\/wp-content\/uploads\/2019\/04\/ET14-1024x713.jpg 1024w, http:\/\/jugend.edelweiss-puettlingen.de\/wp-content\/uploads\/2019\/04\/ET14-300x209.jpg 300w, http:\/\/jugend.edelweiss-puettlingen.de\/wp-content\/uploads\/2019\/04\/ET14-768x535.jpg 768w, http:\/\/jugend.edelweiss-puettlingen.de\/wp-content\/uploads\/2019\/04\/ET14.jpg 1200w\" sizes=\"(max-width: 1024px) 100vw, 1024px\" \/><\/figure><\/li><li class=\"blocks-gallery-item\"><figure><img loading=\"lazy\" width=\"1024\" height=\"696\" src=\"http:\/\/jugend.edelweiss-puettlingen.de\/wp-content\/uploads\/2019\/04\/ET15-1024x696.jpg\" alt=\"\" data-id=\"489\" data-link=\"http:\/\/jugend.edelweiss-puettlingen.de\/?attachment_id=489\" class=\"wp-image-489\" srcset=\"http:\/\/jugend.edelweiss-puettlingen.de\/wp-content\/uploads\/2019\/04\/ET15-1024x696.jpg 1024w, http:\/\/jugend.edelweiss-puettlingen.de\/wp-content\/uploads\/2019\/04\/ET15-300x204.jpg 300w, http:\/\/jugend.edelweiss-puettlingen.de\/wp-content\/uploads\/2019\/04\/ET15-768x522.jpg 768w, http:\/\/jugend.edelweiss-puettlingen.de\/wp-content\/uploads\/2019\/04\/ET15.jpg 1200w\" sizes=\"(max-width: 1024px) 100vw, 1024px\" \/><\/figure><\/li><li class=\"blocks-gallery-item\"><figure><img loading=\"lazy\" width=\"1024\" height=\"696\" src=\"http:\/\/jugend.edelweiss-puettlingen.de\/wp-content\/uploads\/2019\/04\/ET16-1024x696.jpg\" alt=\"\" data-id=\"490\" data-link=\"http:\/\/jugend.edelweiss-puettlingen.de\/?attachment_id=490\" class=\"wp-image-490\" srcset=\"http:\/\/jugend.edelweiss-puettlingen.de\/wp-content\/uploads\/2019\/04\/ET16-1024x696.jpg 1024w, http:\/\/jugend.edelweiss-puettlingen.de\/wp-content\/uploads\/2019\/04\/ET16-300x204.jpg 300w, http:\/\/jugend.edelweiss-puettlingen.de\/wp-content\/uploads\/2019\/04\/ET16-768x522.jpg 768w, http:\/\/jugend.edelweiss-puettlingen.de\/wp-content\/uploads\/2019\/04\/ET16.jpg 1200w\" sizes=\"(max-width: 1024px) 100vw, 1024px\" \/><\/figure><\/li><li class=\"blocks-gallery-item\"><figure><img loading=\"lazy\" width=\"1024\" height=\"696\" src=\"http:\/\/jugend.edelweiss-puettlingen.de\/wp-content\/uploads\/2019\/04\/ET17-1024x696.jpg\" alt=\"\" data-id=\"491\" data-link=\"http:\/\/jugend.edelweiss-puettlingen.de\/?attachment_id=491\" class=\"wp-image-491\" srcset=\"http:\/\/jugend.edelweiss-puettlingen.de\/wp-content\/uploads\/2019\/04\/ET17-1024x696.jpg 1024w, http:\/\/jugend.edelweiss-puettlingen.de\/wp-content\/uploads\/2019\/04\/ET17-300x204.jpg 300w, http:\/\/jugend.edelweiss-puettlingen.de\/wp-content\/uploads\/2019\/04\/ET17-768x522.jpg 768w, http:\/\/jugend.edelweiss-puettlingen.de\/wp-content\/uploads\/2019\/04\/ET17.jpg 1200w\" sizes=\"(max-width: 1024px) 100vw, 1024px\" \/><\/figure><\/li><li class=\"blocks-gallery-item\"><figure><img loading=\"lazy\" width=\"1024\" height=\"691\" src=\"http:\/\/jugend.edelweiss-puettlingen.de\/wp-content\/uploads\/2019\/04\/ET18-1024x691.jpg\" alt=\"\" data-id=\"492\" data-link=\"http:\/\/jugend.edelweiss-puettlingen.de\/?attachment_id=492\" class=\"wp-image-492\" srcset=\"http:\/\/jugend.edelweiss-puettlingen.de\/wp-content\/uploads\/2019\/04\/ET18-1024x691.jpg 1024w, http:\/\/jugend.edelweiss-puettlingen.de\/wp-content\/uploads\/2019\/04\/ET18-300x203.jpg 300w, http:\/\/jugend.edelweiss-puettlingen.de\/wp-content\/uploads\/2019\/04\/ET18-768x518.jpg 768w, http:\/\/jugend.edelweiss-puettlingen.de\/wp-content\/uploads\/2019\/04\/ET18.jpg 1200w\" sizes=\"(max-width: 1024px) 100vw, 1024px\" \/><\/figure><\/li><li class=\"blocks-gallery-item\"><figure><img loading=\"lazy\" width=\"1024\" height=\"714\" src=\"http:\/\/jugend.edelweiss-puettlingen.de\/wp-content\/uploads\/2019\/04\/ET19-1024x714.jpg\" alt=\"\" data-id=\"493\" data-link=\"http:\/\/jugend.edelweiss-puettlingen.de\/?attachment_id=493\" class=\"wp-image-493\" srcset=\"http:\/\/jugend.edelweiss-puettlingen.de\/wp-content\/uploads\/2019\/04\/ET19-1024x714.jpg 1024w, http:\/\/jugend.edelweiss-puettlingen.de\/wp-content\/uploads\/2019\/04\/ET19-300x209.jpg 300w, http:\/\/jugend.edelweiss-puettlingen.de\/wp-content\/uploads\/2019\/04\/ET19-768x536.jpg 768w, http:\/\/jugend.edelweiss-puettlingen.de\/wp-content\/uploads\/2019\/04\/ET19.jpg 1200w\" sizes=\"(max-width: 1024px) 100vw, 1024px\" \/><\/figure><\/li><li class=\"blocks-gallery-item\"><figure><img loading=\"lazy\" width=\"1024\" height=\"692\" src=\"http:\/\/jugend.edelweiss-puettlingen.de\/wp-content\/uploads\/2019\/04\/ET20-1024x692.jpg\" alt=\"\" data-id=\"494\" data-link=\"http:\/\/jugend.edelweiss-puettlingen.de\/?attachment_id=494\" class=\"wp-image-494\" srcset=\"http:\/\/jugend.edelweiss-puettlingen.de\/wp-content\/uploads\/2019\/04\/ET20-1024x692.jpg 1024w, http:\/\/jugend.edelweiss-puettlingen.de\/wp-content\/uploads\/2019\/04\/ET20-300x203.jpg 300w, http:\/\/jugend.edelweiss-puettlingen.de\/wp-content\/uploads\/2019\/04\/ET20-768x519.jpg 768w, http:\/\/jugend.edelweiss-puettlingen.de\/wp-content\/uploads\/2019\/04\/ET20.jpg 1200w\" sizes=\"(max-width: 1024px) 100vw, 1024px\" \/><\/figure><\/li><li class=\"blocks-gallery-item\"><figure><img loading=\"lazy\" width=\"1024\" height=\"689\" src=\"http:\/\/jugend.edelweiss-puettlingen.de\/wp-content\/uploads\/2019\/04\/ET21-1024x689.jpg\" alt=\"\" data-id=\"495\" data-link=\"http:\/\/jugend.edelweiss-puettlingen.de\/?attachment_id=495\" class=\"wp-image-495\" srcset=\"http:\/\/jugend.edelweiss-puettlingen.de\/wp-content\/uploads\/2019\/04\/ET21-1024x689.jpg 1024w, http:\/\/jugend.edelweiss-puettlingen.de\/wp-content\/uploads\/2019\/04\/ET21-300x202.jpg 300w, http:\/\/jugend.edelweiss-puettlingen.de\/wp-content\/uploads\/2019\/04\/ET21-768x516.jpg 768w, http:\/\/jugend.edelweiss-puettlingen.de\/wp-content\/uploads\/2019\/04\/ET21.jpg 1200w\" sizes=\"(max-width: 1024px) 100vw, 1024px\" \/><\/figure><\/li><li class=\"blocks-gallery-item\"><figure><img loading=\"lazy\" width=\"1024\" height=\"689\" src=\"http:\/\/jugend.edelweiss-puettlingen.de\/wp-content\/uploads\/2019\/04\/ET22-1024x689.jpg\" alt=\"\" data-id=\"496\" data-link=\"http:\/\/jugend.edelweiss-puettlingen.de\/?attachment_id=496\" class=\"wp-image-496\" srcset=\"http:\/\/jugend.edelweiss-puettlingen.de\/wp-content\/uploads\/2019\/04\/ET22-1024x689.jpg 1024w, http:\/\/jugend.edelweiss-puettlingen.de\/wp-content\/uploads\/2019\/04\/ET22-300x202.jpg 300w, http:\/\/jugend.edelweiss-puettlingen.de\/wp-content\/uploads\/2019\/04\/ET22-768x517.jpg 768w, http:\/\/jugend.edelweiss-puettlingen.de\/wp-content\/uploads\/2019\/04\/ET22.jpg 1200w\" sizes=\"(max-width: 1024px) 100vw, 1024px\" \/><\/figure><\/li><li class=\"blocks-gallery-item\"><figure><img loading=\"lazy\" width=\"1024\" height=\"695\" src=\"http:\/\/jugend.edelweiss-puettlingen.de\/wp-content\/uploads\/2019\/04\/ET23-1024x695.jpg\" alt=\"\" data-id=\"497\" data-link=\"http:\/\/jugend.edelweiss-puettlingen.de\/?attachment_id=497\" class=\"wp-image-497\" srcset=\"http:\/\/jugend.edelweiss-puettlingen.de\/wp-content\/uploads\/2019\/04\/ET23-1024x695.jpg 1024w, http:\/\/jugend.edelweiss-puettlingen.de\/wp-content\/uploads\/2019\/04\/ET23-300x204.jpg 300w, http:\/\/jugend.edelweiss-puettlingen.de\/wp-content\/uploads\/2019\/04\/ET23-768x521.jpg 768w, http:\/\/jugend.edelweiss-puettlingen.de\/wp-content\/uploads\/2019\/04\/ET23.jpg 1200w\" sizes=\"(max-width: 1024px) 100vw, 1024px\" \/><\/figure><\/li><li class=\"blocks-gallery-item\"><figure><img loading=\"lazy\" width=\"1024\" height=\"700\" src=\"http:\/\/jugend.edelweiss-puettlingen.de\/wp-content\/uploads\/2019\/04\/ET24-1024x700.jpg\" alt=\"\" data-id=\"498\" data-link=\"http:\/\/jugend.edelweiss-puettlingen.de\/?attachment_id=498\" class=\"wp-image-498\" srcset=\"http:\/\/jugend.edelweiss-puettlingen.de\/wp-content\/uploads\/2019\/04\/ET24-1024x700.jpg 1024w, http:\/\/jugend.edelweiss-puettlingen.de\/wp-content\/uploads\/2019\/04\/ET24-300x205.jpg 300w, http:\/\/jugend.edelweiss-puettlingen.de\/wp-content\/uploads\/2019\/04\/ET24-768x525.jpg 768w, http:\/\/jugend.edelweiss-puettlingen.de\/wp-content\/uploads\/2019\/04\/ET24.jpg 1200w\" sizes=\"(max-width: 1024px) 100vw, 1024px\" \/><\/figure><\/li><li class=\"blocks-gallery-item\"><figure><img loading=\"lazy\" width=\"1024\" height=\"721\" src=\"http:\/\/jugend.edelweiss-puettlingen.de\/wp-content\/uploads\/2019\/04\/ET25-1024x721.jpg\" alt=\"\" data-id=\"499\" data-link=\"http:\/\/jugend.edelweiss-puettlingen.de\/?attachment_id=499\" class=\"wp-image-499\" srcset=\"http:\/\/jugend.edelweiss-puettlingen.de\/wp-content\/uploads\/2019\/04\/ET25-1024x721.jpg 1024w, http:\/\/jugend.edelweiss-puettlingen.de\/wp-content\/uploads\/2019\/04\/ET25-300x211.jpg 300w, http:\/\/jugend.edelweiss-puettlingen.de\/wp-content\/uploads\/2019\/04\/ET25-768x541.jpg 768w, http:\/\/jugend.edelweiss-puettlingen.de\/wp-content\/uploads\/2019\/04\/ET25.jpg 1200w\" sizes=\"(max-width: 1024px) 100vw, 1024px\" \/><\/figure><\/li><li class=\"blocks-gallery-item\"><figure><img loading=\"lazy\" width=\"1024\" height=\"714\" src=\"http:\/\/jugend.edelweiss-puettlingen.de\/wp-content\/uploads\/2019\/04\/ET26-1024x714.jpg\" alt=\"\" data-id=\"500\" data-link=\"http:\/\/jugend.edelweiss-puettlingen.de\/?attachment_id=500\" class=\"wp-image-500\" srcset=\"http:\/\/jugend.edelweiss-puettlingen.de\/wp-content\/uploads\/2019\/04\/ET26-1024x714.jpg 1024w, http:\/\/jugend.edelweiss-puettlingen.de\/wp-content\/uploads\/2019\/04\/ET26-300x209.jpg 300w, http:\/\/jugend.edelweiss-puettlingen.de\/wp-content\/uploads\/2019\/04\/ET26-768x536.jpg 768w, http:\/\/jugend.edelweiss-puettlingen.de\/wp-content\/uploads\/2019\/04\/ET26.jpg 1200w\" sizes=\"(max-width: 1024px) 100vw, 1024px\" \/><\/figure><\/li><li class=\"blocks-gallery-item\"><figure><img loading=\"lazy\" width=\"1024\" height=\"681\" src=\"http:\/\/jugend.edelweiss-puettlingen.de\/wp-content\/uploads\/2019\/04\/ET27-1024x681.jpg\" alt=\"\" data-id=\"501\" data-link=\"http:\/\/jugend.edelweiss-puettlingen.de\/?attachment_id=501\" class=\"wp-image-501\" srcset=\"http:\/\/jugend.edelweiss-puettlingen.de\/wp-content\/uploads\/2019\/04\/ET27-1024x681.jpg 1024w, http:\/\/jugend.edelweiss-puettlingen.de\/wp-content\/uploads\/2019\/04\/ET27-300x200.jpg 300w, http:\/\/jugend.edelweiss-puettlingen.de\/wp-content\/uploads\/2019\/04\/ET27-768x511.jpg 768w, http:\/\/jugend.edelweiss-puettlingen.de\/wp-content\/uploads\/2019\/04\/ET27.jpg 1200w\" sizes=\"(max-width: 1024px) 100vw, 1024px\" \/><\/figure><\/li><li class=\"blocks-gallery-item\"><figure><img loading=\"lazy\" width=\"1024\" height=\"716\" src=\"http:\/\/jugend.edelweiss-puettlingen.de\/wp-content\/uploads\/2019\/04\/ET28-1024x716.jpg\" alt=\"\" data-id=\"502\" data-link=\"http:\/\/jugend.edelweiss-puettlingen.de\/?attachment_id=502\" class=\"wp-image-502\" srcset=\"http:\/\/jugend.edelweiss-puettlingen.de\/wp-content\/uploads\/2019\/04\/ET28-1024x716.jpg 1024w, http:\/\/jugend.edelweiss-puettlingen.de\/wp-content\/uploads\/2019\/04\/ET28-300x210.jpg 300w, http:\/\/jugend.edelweiss-puettlingen.de\/wp-content\/uploads\/2019\/04\/ET28-768x537.jpg 768w, http:\/\/jugend.edelweiss-puettlingen.de\/wp-content\/uploads\/2019\/04\/ET28.jpg 1200w\" sizes=\"(max-width: 1024px) 100vw, 1024px\" \/><\/figure><\/li><li class=\"blocks-gallery-item\"><figure><img loading=\"lazy\" width=\"1024\" height=\"711\" src=\"http:\/\/jugend.edelweiss-puettlingen.de\/wp-content\/uploads\/2019\/04\/ET29-1024x711.jpg\" alt=\"\" data-id=\"503\" data-link=\"http:\/\/jugend.edelweiss-puettlingen.de\/?attachment_id=503\" class=\"wp-image-503\" srcset=\"http:\/\/jugend.edelweiss-puettlingen.de\/wp-content\/uploads\/2019\/04\/ET29-1024x711.jpg 1024w, http:\/\/jugend.edelweiss-puettlingen.de\/wp-content\/uploads\/2019\/04\/ET29-300x208.jpg 300w, http:\/\/jugend.edelweiss-puettlingen.de\/wp-content\/uploads\/2019\/04\/ET29-768x533.jpg 768w, http:\/\/jugend.edelweiss-puettlingen.de\/wp-content\/uploads\/2019\/04\/ET29.jpg 1200w\" sizes=\"(max-width: 1024px) 100vw, 1024px\" \/><\/figure><\/li><li class=\"blocks-gallery-item\"><figure><img loading=\"lazy\" width=\"1024\" height=\"704\" src=\"http:\/\/jugend.edelweiss-puettlingen.de\/wp-content\/uploads\/2019\/04\/ET30-1024x704.jpg\" alt=\"\" data-id=\"504\" data-link=\"http:\/\/jugend.edelweiss-puettlingen.de\/?attachment_id=504\" class=\"wp-image-504\" srcset=\"http:\/\/jugend.edelweiss-puettlingen.de\/wp-content\/uploads\/2019\/04\/ET30-1024x704.jpg 1024w, http:\/\/jugend.edelweiss-puettlingen.de\/wp-content\/uploads\/2019\/04\/ET30-300x206.jpg 300w, http:\/\/jugend.edelweiss-puettlingen.de\/wp-content\/uploads\/2019\/04\/ET30-768x528.jpg 768w, http:\/\/jugend.edelweiss-puettlingen.de\/wp-content\/uploads\/2019\/04\/ET30.jpg 1200w\" sizes=\"(max-width: 1024px) 100vw, 1024px\" \/><\/figure><\/li><li class=\"blocks-gallery-item\"><figure><img loading=\"lazy\" width=\"1024\" height=\"704\" src=\"http:\/\/jugend.edelweiss-puettlingen.de\/wp-content\/uploads\/2019\/04\/ET31-1024x704.jpg\" alt=\"\" data-id=\"505\" data-link=\"http:\/\/jugend.edelweiss-puettlingen.de\/?attachment_id=505\" class=\"wp-image-505\" srcset=\"http:\/\/jugend.edelweiss-puettlingen.de\/wp-content\/uploads\/2019\/04\/ET31-1024x704.jpg 1024w, http:\/\/jugend.edelweiss-puettlingen.de\/wp-content\/uploads\/2019\/04\/ET31-300x206.jpg 300w, http:\/\/jugend.edelweiss-puettlingen.de\/wp-content\/uploads\/2019\/04\/ET31-768x528.jpg 768w, http:\/\/jugend.edelweiss-puettlingen.de\/wp-content\/uploads\/2019\/04\/ET31.jpg 1200w\" sizes=\"(max-width: 1024px) 100vw, 1024px\" \/><\/figure><\/li><li class=\"blocks-gallery-item\"><figure><img loading=\"lazy\" width=\"1024\" height=\"679\" src=\"http:\/\/jugend.edelweiss-puettlingen.de\/wp-content\/uploads\/2019\/04\/ET32-1024x679.jpg\" alt=\"\" data-id=\"506\" data-link=\"http:\/\/jugend.edelweiss-puettlingen.de\/?attachment_id=506\" class=\"wp-image-506\" srcset=\"http:\/\/jugend.edelweiss-puettlingen.de\/wp-content\/uploads\/2019\/04\/ET32-1024x679.jpg 1024w, http:\/\/jugend.edelweiss-puettlingen.de\/wp-content\/uploads\/2019\/04\/ET32-300x199.jpg 300w, http:\/\/jugend.edelweiss-puettlingen.de\/wp-content\/uploads\/2019\/04\/ET32-768x509.jpg 768w, http:\/\/jugend.edelweiss-puettlingen.de\/wp-content\/uploads\/2019\/04\/ET32.jpg 1200w\" sizes=\"(max-width: 1024px) 100vw, 1024px\" \/><\/figure><\/li><li class=\"blocks-gallery-item\"><figure><img loading=\"lazy\" width=\"1024\" height=\"706\" src=\"http:\/\/jugend.edelweiss-puettlingen.de\/wp-content\/uploads\/2019\/04\/ET33-1024x706.jpg\" alt=\"\" data-id=\"507\" data-link=\"http:\/\/jugend.edelweiss-puettlingen.de\/?attachment_id=507\" class=\"wp-image-507\" srcset=\"http:\/\/jugend.edelweiss-puettlingen.de\/wp-content\/uploads\/2019\/04\/ET33-1024x706.jpg 1024w, http:\/\/jugend.edelweiss-puettlingen.de\/wp-content\/uploads\/2019\/04\/ET33-300x207.jpg 300w, http:\/\/jugend.edelweiss-puettlingen.de\/wp-content\/uploads\/2019\/04\/ET33-768x529.jpg 768w, http:\/\/jugend.edelweiss-puettlingen.de\/wp-content\/uploads\/2019\/04\/ET33.jpg 1200w\" sizes=\"(max-width: 1024px) 100vw, 1024px\" \/><\/figure><\/li><li class=\"blocks-gallery-item\"><figure><img loading=\"lazy\" width=\"1024\" height=\"697\" src=\"http:\/\/jugend.edelweiss-puettlingen.de\/wp-content\/uploads\/2019\/04\/ET34-1024x697.jpg\" alt=\"\" data-id=\"508\" data-link=\"http:\/\/jugend.edelweiss-puettlingen.de\/?attachment_id=508\" class=\"wp-image-508\" srcset=\"http:\/\/jugend.edelweiss-puettlingen.de\/wp-content\/uploads\/2019\/04\/ET34-1024x697.jpg 1024w, http:\/\/jugend.edelweiss-puettlingen.de\/wp-content\/uploads\/2019\/04\/ET34-300x204.jpg 300w, http:\/\/jugend.edelweiss-puettlingen.de\/wp-content\/uploads\/2019\/04\/ET34-768x523.jpg 768w, http:\/\/jugend.edelweiss-puettlingen.de\/wp-content\/uploads\/2019\/04\/ET34.jpg 1200w\" sizes=\"(max-width: 1024px) 100vw, 1024px\" \/><\/figure><\/li><li class=\"blocks-gallery-item\"><figure><img loading=\"lazy\" width=\"1024\" height=\"691\" src=\"http:\/\/jugend.edelweiss-puettlingen.de\/wp-content\/uploads\/2019\/04\/ET35-1024x691.jpg\" alt=\"\" data-id=\"509\" data-link=\"http:\/\/jugend.edelweiss-puettlingen.de\/?attachment_id=509\" class=\"wp-image-509\" srcset=\"http:\/\/jugend.edelweiss-puettlingen.de\/wp-content\/uploads\/2019\/04\/ET35-1024x691.jpg 1024w, http:\/\/jugend.edelweiss-puettlingen.de\/wp-content\/uploads\/2019\/04\/ET35-300x203.jpg 300w, http:\/\/jugend.edelweiss-puettlingen.de\/wp-content\/uploads\/2019\/04\/ET35-768x518.jpg 768w, http:\/\/jugend.edelweiss-puettlingen.de\/wp-content\/uploads\/2019\/04\/ET35.jpg 1200w\" sizes=\"(max-width: 1024px) 100vw, 1024px\" \/><\/figure><\/li><li class=\"blocks-gallery-item\"><figure><img loading=\"lazy\" width=\"1024\" height=\"727\" src=\"http:\/\/jugend.edelweiss-puettlingen.de\/wp-content\/uploads\/2019\/04\/ET36-1024x727.jpg\" alt=\"\" data-id=\"510\" data-link=\"http:\/\/jugend.edelweiss-puettlingen.de\/?attachment_id=510\" class=\"wp-image-510\" srcset=\"http:\/\/jugend.edelweiss-puettlingen.de\/wp-content\/uploads\/2019\/04\/ET36-1024x727.jpg 1024w, http:\/\/jugend.edelweiss-puettlingen.de\/wp-content\/uploads\/2019\/04\/ET36-300x213.jpg 300w, http:\/\/jugend.edelweiss-puettlingen.de\/wp-content\/uploads\/2019\/04\/ET36-768x545.jpg 768w, http:\/\/jugend.edelweiss-puettlingen.de\/wp-content\/uploads\/2019\/04\/ET36.jpg 1200w\" sizes=\"(max-width: 1024px) 100vw, 1024px\" \/><\/figure><\/li><li class=\"blocks-gallery-item\"><figure><img loading=\"lazy\" width=\"1024\" height=\"701\" src=\"http:\/\/jugend.edelweiss-puettlingen.de\/wp-content\/uploads\/2019\/04\/ET37-1024x701.jpg\" alt=\"\" data-id=\"511\" data-link=\"http:\/\/jugend.edelweiss-puettlingen.de\/?attachment_id=511\" class=\"wp-image-511\" srcset=\"http:\/\/jugend.edelweiss-puettlingen.de\/wp-content\/uploads\/2019\/04\/ET37-1024x701.jpg 1024w, http:\/\/jugend.edelweiss-puettlingen.de\/wp-content\/uploads\/2019\/04\/ET37-300x205.jpg 300w, http:\/\/jugend.edelweiss-puettlingen.de\/wp-content\/uploads\/2019\/04\/ET37-768x525.jpg 768w, http:\/\/jugend.edelweiss-puettlingen.de\/wp-content\/uploads\/2019\/04\/ET37.jpg 1200w\" sizes=\"(max-width: 1024px) 100vw, 1024px\" \/><\/figure><\/li><li class=\"blocks-gallery-item\"><figure><img loading=\"lazy\" width=\"1024\" height=\"688\" src=\"http:\/\/jugend.edelweiss-puettlingen.de\/wp-content\/uploads\/2019\/04\/ET38-1024x688.jpg\" alt=\"\" data-id=\"512\" data-link=\"http:\/\/jugend.edelweiss-puettlingen.de\/?attachment_id=512\" class=\"wp-image-512\" srcset=\"http:\/\/jugend.edelweiss-puettlingen.de\/wp-content\/uploads\/2019\/04\/ET38-1024x688.jpg 1024w, http:\/\/jugend.edelweiss-puettlingen.de\/wp-content\/uploads\/2019\/04\/ET38-300x202.jpg 300w, http:\/\/jugend.edelweiss-puettlingen.de\/wp-content\/uploads\/2019\/04\/ET38-768x516.jpg 768w, http:\/\/jugend.edelweiss-puettlingen.de\/wp-content\/uploads\/2019\/04\/ET38.jpg 1200w\" sizes=\"(max-width: 1024px) 100vw, 1024px\" \/><\/figure><\/li><\/ul>\n\n\n\n<div class=\"wp-block-image\"><figure class=\"aligncenter\"><a href=\"http:\/\/jugend.edelweiss-puettlingen.de\/?page_id=472\"><img loading=\"lazy\" width=\"50\" height=\"50\" src=\"http:\/\/jugend.edelweiss-puettlingen.de\/wp-content\/uploads\/2019\/04\/back-e1555163565790.jpg\" alt=\"\" class=\"wp-image-7\"\/><\/a><\/figure><\/div>\n","protected":false},"excerpt":{"rendered":"<p>Am 25. April 1998 fuhren beim Erlebnistag f\u00fcr Jugend und Familie zuerst in das Spa\u00dfbad nach Tholey. Anschlie\u00dfend besuchten wir<\/p>\n","protected":false},"author":1,"featured_media":0,"parent":472,"menu_order":1,"comment_status":"closed","ping_status":"closed","template":"template-centered.php","meta":[],"_links":{"self":[{"href":"http:\/\/jugend.edelweiss-puettlingen.de\/index.php?rest_route=\/wp\/v2\/pages\/474"}],"collection":[{"href":"http:\/\/jugend.edelweiss-puettlingen.de\/index.php?rest_route=\/wp\/v2\/pages"}],"about":[{"href":"http:\/\/jugend.edelweiss-puettlingen.de\/index.php?rest_route=\/wp\/v2\/types\/page"}],"author":[{"embeddable":true,"href":"http:\/\/jugend.edelweiss-puettlingen.de\/index.php?rest_route=\/wp\/v2\/users\/1"}],"replies":[{"embeddable":true,"href":"http:\/\/jugend.edelweiss-puettlingen.de\/index.php?rest_route=%2Fwp%2Fv2%2Fcomments&post=474"}],"version-history":[{"count":1,"href":"http:\/\/jugend.edelweiss-puettlingen.de\/index.php?rest_route=\/wp\/v2\/pages\/474\/revisions"}],"predecessor-version":[{"id":513,"href":"http:\/\/jugend.edelweiss-puettlingen.de\/index.php?rest_route=\/wp\/v2\/pages\/474\/revisions\/513"}],"up":[{"embeddable":true,"href":"http:\/\/jugend.edelweiss-puettlingen.de\/index.php?rest_route=\/wp\/v2\/pages\/472"}],"wp:attachment":[{"href":"http:\/\/jugend.edelweiss-puettlingen.de\/index.php?rest_route=%2Fwp%2Fv2%2Fmedia&parent=474"}],"curies":[{"name":"wp","href":"https:\/\/api.w.org\/{rel}","templated":true}]}}