{"id":312,"date":"2019-04-16T17:42:55","date_gmt":"2019-04-16T17:42:55","guid":{"rendered":"http:\/\/jugend.edelweiss-puettlingen.de\/?page_id=312"},"modified":"2019-04-16T17:51:24","modified_gmt":"2019-04-16T17:51:24","slug":"saarland-radtour","status":"publish","type":"page","link":"http:\/\/jugend.edelweiss-puettlingen.de\/?page_id=312","title":{"rendered":"Saarland-Radtour"},"content":{"rendered":"\n<p>Fahrradtour durch das Saaland vom 07. bia 10. Juli 1995. Die Fahrt ging von P\u00fcttlingen nach Tholey, von dort weiter nach Weiskirchen und Dreisbach zur\u00fcck nach P\u00fcttlingen. \u00dcbernachtet wurde in den jeweiligen Jugendherbergen.<\/p>\n\n\n\n<figure class=\"wp-block-image\"><a href=\"http:\/\/jugend.edelweiss-puettlingen.de\/?page_id=379\"><img loading=\"lazy\" width=\"50\" height=\"50\" src=\"http:\/\/jugend.edelweiss-puettlingen.de\/wp-content\/uploads\/2019\/04\/back-e1555163565790.jpg\" alt=\"\" class=\"wp-image-7\"\/><\/a><\/figure>\n\n\n\n<ul class=\"wp-container-2 wp-block-gallery-1 wp-block-gallery columns-1 is-cropped\"><li class=\"blocks-gallery-item\"><figure><img loading=\"lazy\" width=\"1024\" height=\"709\" src=\"http:\/\/jugend.edelweiss-puettlingen.de\/wp-content\/uploads\/2019\/04\/FT01-1024x709.jpg\" alt=\"\" data-id=\"313\" data-link=\"http:\/\/jugend.edelweiss-puettlingen.de\/?attachment_id=313\" class=\"wp-image-313\" srcset=\"http:\/\/jugend.edelweiss-puettlingen.de\/wp-content\/uploads\/2019\/04\/FT01-1024x709.jpg 1024w, http:\/\/jugend.edelweiss-puettlingen.de\/wp-content\/uploads\/2019\/04\/FT01-300x208.jpg 300w, http:\/\/jugend.edelweiss-puettlingen.de\/wp-content\/uploads\/2019\/04\/FT01-768x532.jpg 768w, http:\/\/jugend.edelweiss-puettlingen.de\/wp-content\/uploads\/2019\/04\/FT01.jpg 1200w\" sizes=\"(max-width: 1024px) 100vw, 1024px\" \/><\/figure><\/li><li class=\"blocks-gallery-item\"><figure><img loading=\"lazy\" width=\"1024\" height=\"698\" src=\"http:\/\/jugend.edelweiss-puettlingen.de\/wp-content\/uploads\/2019\/04\/FT02-1024x698.jpg\" alt=\"\" data-id=\"314\" data-link=\"http:\/\/jugend.edelweiss-puettlingen.de\/?attachment_id=314\" class=\"wp-image-314\" srcset=\"http:\/\/jugend.edelweiss-puettlingen.de\/wp-content\/uploads\/2019\/04\/FT02-1024x698.jpg 1024w, http:\/\/jugend.edelweiss-puettlingen.de\/wp-content\/uploads\/2019\/04\/FT02-300x205.jpg 300w, http:\/\/jugend.edelweiss-puettlingen.de\/wp-content\/uploads\/2019\/04\/FT02-768x524.jpg 768w, http:\/\/jugend.edelweiss-puettlingen.de\/wp-content\/uploads\/2019\/04\/FT02.jpg 1200w\" sizes=\"(max-width: 1024px) 100vw, 1024px\" \/><\/figure><\/li><li class=\"blocks-gallery-item\"><figure><img loading=\"lazy\" width=\"1024\" height=\"696\" src=\"http:\/\/jugend.edelweiss-puettlingen.de\/wp-content\/uploads\/2019\/04\/FT03-1024x696.jpg\" alt=\"\" data-id=\"315\" data-link=\"http:\/\/jugend.edelweiss-puettlingen.de\/?attachment_id=315\" class=\"wp-image-315\" srcset=\"http:\/\/jugend.edelweiss-puettlingen.de\/wp-content\/uploads\/2019\/04\/FT03-1024x696.jpg 1024w, http:\/\/jugend.edelweiss-puettlingen.de\/wp-content\/uploads\/2019\/04\/FT03-300x204.jpg 300w, http:\/\/jugend.edelweiss-puettlingen.de\/wp-content\/uploads\/2019\/04\/FT03-768x522.jpg 768w, http:\/\/jugend.edelweiss-puettlingen.de\/wp-content\/uploads\/2019\/04\/FT03.jpg 1200w\" sizes=\"(max-width: 1024px) 100vw, 1024px\" \/><\/figure><\/li><li class=\"blocks-gallery-item\"><figure><img loading=\"lazy\" width=\"1024\" height=\"693\" src=\"http:\/\/jugend.edelweiss-puettlingen.de\/wp-content\/uploads\/2019\/04\/FT04-1024x693.jpg\" alt=\"\" data-id=\"316\" data-link=\"http:\/\/jugend.edelweiss-puettlingen.de\/?attachment_id=316\" class=\"wp-image-316\" srcset=\"http:\/\/jugend.edelweiss-puettlingen.de\/wp-content\/uploads\/2019\/04\/FT04-1024x693.jpg 1024w, http:\/\/jugend.edelweiss-puettlingen.de\/wp-content\/uploads\/2019\/04\/FT04-300x203.jpg 300w, http:\/\/jugend.edelweiss-puettlingen.de\/wp-content\/uploads\/2019\/04\/FT04-768x520.jpg 768w, http:\/\/jugend.edelweiss-puettlingen.de\/wp-content\/uploads\/2019\/04\/FT04.jpg 1200w\" sizes=\"(max-width: 1024px) 100vw, 1024px\" \/><\/figure><\/li><li class=\"blocks-gallery-item\"><figure><img loading=\"lazy\" width=\"1024\" height=\"689\" src=\"http:\/\/jugend.edelweiss-puettlingen.de\/wp-content\/uploads\/2019\/04\/FT05-1024x689.jpg\" alt=\"\" data-id=\"317\" data-link=\"http:\/\/jugend.edelweiss-puettlingen.de\/?attachment_id=317\" class=\"wp-image-317\" srcset=\"http:\/\/jugend.edelweiss-puettlingen.de\/wp-content\/uploads\/2019\/04\/FT05-1024x689.jpg 1024w, http:\/\/jugend.edelweiss-puettlingen.de\/wp-content\/uploads\/2019\/04\/FT05-300x202.jpg 300w, http:\/\/jugend.edelweiss-puettlingen.de\/wp-content\/uploads\/2019\/04\/FT05-768x517.jpg 768w, http:\/\/jugend.edelweiss-puettlingen.de\/wp-content\/uploads\/2019\/04\/FT05.jpg 1200w\" sizes=\"(max-width: 1024px) 100vw, 1024px\" \/><\/figure><\/li><li class=\"blocks-gallery-item\"><figure><img loading=\"lazy\" width=\"1024\" height=\"695\" src=\"http:\/\/jugend.edelweiss-puettlingen.de\/wp-content\/uploads\/2019\/04\/FT06-1024x695.jpg\" alt=\"\" data-id=\"318\" data-link=\"http:\/\/jugend.edelweiss-puettlingen.de\/?attachment_id=318\" class=\"wp-image-318\" srcset=\"http:\/\/jugend.edelweiss-puettlingen.de\/wp-content\/uploads\/2019\/04\/FT06-1024x695.jpg 1024w, http:\/\/jugend.edelweiss-puettlingen.de\/wp-content\/uploads\/2019\/04\/FT06-300x204.jpg 300w, http:\/\/jugend.edelweiss-puettlingen.de\/wp-content\/uploads\/2019\/04\/FT06-768x522.jpg 768w, http:\/\/jugend.edelweiss-puettlingen.de\/wp-content\/uploads\/2019\/04\/FT06.jpg 1200w\" sizes=\"(max-width: 1024px) 100vw, 1024px\" \/><\/figure><\/li><li class=\"blocks-gallery-item\"><figure><img loading=\"lazy\" width=\"1024\" height=\"690\" src=\"http:\/\/jugend.edelweiss-puettlingen.de\/wp-content\/uploads\/2019\/04\/FT07-1024x690.jpg\" alt=\"\" data-id=\"319\" data-link=\"http:\/\/jugend.edelweiss-puettlingen.de\/?attachment_id=319\" class=\"wp-image-319\" srcset=\"http:\/\/jugend.edelweiss-puettlingen.de\/wp-content\/uploads\/2019\/04\/FT07-1024x690.jpg 1024w, http:\/\/jugend.edelweiss-puettlingen.de\/wp-content\/uploads\/2019\/04\/FT07-300x202.jpg 300w, http:\/\/jugend.edelweiss-puettlingen.de\/wp-content\/uploads\/2019\/04\/FT07-768x518.jpg 768w, http:\/\/jugend.edelweiss-puettlingen.de\/wp-content\/uploads\/2019\/04\/FT07.jpg 1200w\" sizes=\"(max-width: 1024px) 100vw, 1024px\" \/><\/figure><\/li><li class=\"blocks-gallery-item\"><figure><img loading=\"lazy\" width=\"1024\" height=\"696\" src=\"http:\/\/jugend.edelweiss-puettlingen.de\/wp-content\/uploads\/2019\/04\/FT08-1024x696.jpg\" alt=\"\" data-id=\"320\" data-link=\"http:\/\/jugend.edelweiss-puettlingen.de\/?attachment_id=320\" class=\"wp-image-320\" srcset=\"http:\/\/jugend.edelweiss-puettlingen.de\/wp-content\/uploads\/2019\/04\/FT08-1024x696.jpg 1024w, http:\/\/jugend.edelweiss-puettlingen.de\/wp-content\/uploads\/2019\/04\/FT08-300x204.jpg 300w, http:\/\/jugend.edelweiss-puettlingen.de\/wp-content\/uploads\/2019\/04\/FT08-768x522.jpg 768w, http:\/\/jugend.edelweiss-puettlingen.de\/wp-content\/uploads\/2019\/04\/FT08.jpg 1200w\" sizes=\"(max-width: 1024px) 100vw, 1024px\" \/><\/figure><\/li><li class=\"blocks-gallery-item\"><figure><img loading=\"lazy\" width=\"1024\" height=\"692\" src=\"http:\/\/jugend.edelweiss-puettlingen.de\/wp-content\/uploads\/2019\/04\/FT09-1024x692.jpg\" alt=\"\" data-id=\"321\" data-link=\"http:\/\/jugend.edelweiss-puettlingen.de\/?attachment_id=321\" class=\"wp-image-321\" srcset=\"http:\/\/jugend.edelweiss-puettlingen.de\/wp-content\/uploads\/2019\/04\/FT09-1024x692.jpg 1024w, http:\/\/jugend.edelweiss-puettlingen.de\/wp-content\/uploads\/2019\/04\/FT09-300x203.jpg 300w, http:\/\/jugend.edelweiss-puettlingen.de\/wp-content\/uploads\/2019\/04\/FT09-768x519.jpg 768w, http:\/\/jugend.edelweiss-puettlingen.de\/wp-content\/uploads\/2019\/04\/FT09.jpg 1200w\" sizes=\"(max-width: 1024px) 100vw, 1024px\" \/><\/figure><\/li><li class=\"blocks-gallery-item\"><figure><img loading=\"lazy\" width=\"1024\" height=\"687\" src=\"http:\/\/jugend.edelweiss-puettlingen.de\/wp-content\/uploads\/2019\/04\/FT10-1024x687.jpg\" alt=\"\" data-id=\"322\" data-link=\"http:\/\/jugend.edelweiss-puettlingen.de\/?attachment_id=322\" class=\"wp-image-322\" srcset=\"http:\/\/jugend.edelweiss-puettlingen.de\/wp-content\/uploads\/2019\/04\/FT10-1024x687.jpg 1024w, http:\/\/jugend.edelweiss-puettlingen.de\/wp-content\/uploads\/2019\/04\/FT10-300x201.jpg 300w, http:\/\/jugend.edelweiss-puettlingen.de\/wp-content\/uploads\/2019\/04\/FT10-768x515.jpg 768w, http:\/\/jugend.edelweiss-puettlingen.de\/wp-content\/uploads\/2019\/04\/FT10.jpg 1200w\" sizes=\"(max-width: 1024px) 100vw, 1024px\" \/><\/figure><\/li><li class=\"blocks-gallery-item\"><figure><img loading=\"lazy\" width=\"1024\" height=\"694\" src=\"http:\/\/jugend.edelweiss-puettlingen.de\/wp-content\/uploads\/2019\/04\/FT11-1024x694.jpg\" alt=\"\" data-id=\"323\" data-link=\"http:\/\/jugend.edelweiss-puettlingen.de\/?attachment_id=323\" class=\"wp-image-323\" srcset=\"http:\/\/jugend.edelweiss-puettlingen.de\/wp-content\/uploads\/2019\/04\/FT11-1024x694.jpg 1024w, http:\/\/jugend.edelweiss-puettlingen.de\/wp-content\/uploads\/2019\/04\/FT11-300x203.jpg 300w, http:\/\/jugend.edelweiss-puettlingen.de\/wp-content\/uploads\/2019\/04\/FT11-768x520.jpg 768w, http:\/\/jugend.edelweiss-puettlingen.de\/wp-content\/uploads\/2019\/04\/FT11.jpg 1200w\" sizes=\"(max-width: 1024px) 100vw, 1024px\" \/><\/figure><\/li><li class=\"blocks-gallery-item\"><figure><img loading=\"lazy\" width=\"1024\" height=\"699\" src=\"http:\/\/jugend.edelweiss-puettlingen.de\/wp-content\/uploads\/2019\/04\/FT12-1024x699.jpg\" alt=\"\" data-id=\"324\" data-link=\"http:\/\/jugend.edelweiss-puettlingen.de\/?attachment_id=324\" class=\"wp-image-324\" srcset=\"http:\/\/jugend.edelweiss-puettlingen.de\/wp-content\/uploads\/2019\/04\/FT12-1024x699.jpg 1024w, http:\/\/jugend.edelweiss-puettlingen.de\/wp-content\/uploads\/2019\/04\/FT12-300x205.jpg 300w, http:\/\/jugend.edelweiss-puettlingen.de\/wp-content\/uploads\/2019\/04\/FT12-768x524.jpg 768w, http:\/\/jugend.edelweiss-puettlingen.de\/wp-content\/uploads\/2019\/04\/FT12.jpg 1200w\" sizes=\"(max-width: 1024px) 100vw, 1024px\" \/><\/figure><\/li><li class=\"blocks-gallery-item\"><figure><img loading=\"lazy\" width=\"1024\" height=\"699\" src=\"http:\/\/jugend.edelweiss-puettlingen.de\/wp-content\/uploads\/2019\/04\/FT13-1024x699.jpg\" alt=\"\" data-id=\"325\" data-link=\"http:\/\/jugend.edelweiss-puettlingen.de\/?attachment_id=325\" class=\"wp-image-325\" srcset=\"http:\/\/jugend.edelweiss-puettlingen.de\/wp-content\/uploads\/2019\/04\/FT13-1024x699.jpg 1024w, http:\/\/jugend.edelweiss-puettlingen.de\/wp-content\/uploads\/2019\/04\/FT13-300x205.jpg 300w, http:\/\/jugend.edelweiss-puettlingen.de\/wp-content\/uploads\/2019\/04\/FT13-768x524.jpg 768w, http:\/\/jugend.edelweiss-puettlingen.de\/wp-content\/uploads\/2019\/04\/FT13.jpg 1200w\" sizes=\"(max-width: 1024px) 100vw, 1024px\" \/><\/figure><\/li><li class=\"blocks-gallery-item\"><figure><img loading=\"lazy\" width=\"1024\" height=\"700\" src=\"http:\/\/jugend.edelweiss-puettlingen.de\/wp-content\/uploads\/2019\/04\/FT14-1024x700.jpg\" alt=\"\" data-id=\"326\" data-link=\"http:\/\/jugend.edelweiss-puettlingen.de\/?attachment_id=326\" class=\"wp-image-326\" srcset=\"http:\/\/jugend.edelweiss-puettlingen.de\/wp-content\/uploads\/2019\/04\/FT14-1024x700.jpg 1024w, http:\/\/jugend.edelweiss-puettlingen.de\/wp-content\/uploads\/2019\/04\/FT14-300x205.jpg 300w, http:\/\/jugend.edelweiss-puettlingen.de\/wp-content\/uploads\/2019\/04\/FT14-768x525.jpg 768w, http:\/\/jugend.edelweiss-puettlingen.de\/wp-content\/uploads\/2019\/04\/FT14.jpg 1200w\" sizes=\"(max-width: 1024px) 100vw, 1024px\" \/><\/figure><\/li><li class=\"blocks-gallery-item\"><figure><img loading=\"lazy\" width=\"1024\" height=\"693\" src=\"http:\/\/jugend.edelweiss-puettlingen.de\/wp-content\/uploads\/2019\/04\/FT15-1024x693.jpg\" alt=\"\" data-id=\"327\" data-link=\"http:\/\/jugend.edelweiss-puettlingen.de\/?attachment_id=327\" class=\"wp-image-327\" srcset=\"http:\/\/jugend.edelweiss-puettlingen.de\/wp-content\/uploads\/2019\/04\/FT15-1024x693.jpg 1024w, http:\/\/jugend.edelweiss-puettlingen.de\/wp-content\/uploads\/2019\/04\/FT15-300x203.jpg 300w, http:\/\/jugend.edelweiss-puettlingen.de\/wp-content\/uploads\/2019\/04\/FT15-768x520.jpg 768w, http:\/\/jugend.edelweiss-puettlingen.de\/wp-content\/uploads\/2019\/04\/FT15.jpg 1200w\" sizes=\"(max-width: 1024px) 100vw, 1024px\" \/><\/figure><\/li><li class=\"blocks-gallery-item\"><figure><img loading=\"lazy\" width=\"1024\" height=\"701\" src=\"http:\/\/jugend.edelweiss-puettlingen.de\/wp-content\/uploads\/2019\/04\/FT16-1024x701.jpg\" alt=\"\" data-id=\"328\" data-link=\"http:\/\/jugend.edelweiss-puettlingen.de\/?attachment_id=328\" class=\"wp-image-328\" srcset=\"http:\/\/jugend.edelweiss-puettlingen.de\/wp-content\/uploads\/2019\/04\/FT16-1024x701.jpg 1024w, http:\/\/jugend.edelweiss-puettlingen.de\/wp-content\/uploads\/2019\/04\/FT16-300x206.jpg 300w, http:\/\/jugend.edelweiss-puettlingen.de\/wp-content\/uploads\/2019\/04\/FT16-768x526.jpg 768w, http:\/\/jugend.edelweiss-puettlingen.de\/wp-content\/uploads\/2019\/04\/FT16.jpg 1200w\" sizes=\"(max-width: 1024px) 100vw, 1024px\" \/><\/figure><\/li><li class=\"blocks-gallery-item\"><figure><img loading=\"lazy\" width=\"1024\" height=\"692\" src=\"http:\/\/jugend.edelweiss-puettlingen.de\/wp-content\/uploads\/2019\/04\/FT17-1024x692.jpg\" alt=\"\" data-id=\"329\" data-link=\"http:\/\/jugend.edelweiss-puettlingen.de\/?attachment_id=329\" class=\"wp-image-329\" srcset=\"http:\/\/jugend.edelweiss-puettlingen.de\/wp-content\/uploads\/2019\/04\/FT17-1024x692.jpg 1024w, http:\/\/jugend.edelweiss-puettlingen.de\/wp-content\/uploads\/2019\/04\/FT17-300x203.jpg 300w, http:\/\/jugend.edelweiss-puettlingen.de\/wp-content\/uploads\/2019\/04\/FT17-768x519.jpg 768w, http:\/\/jugend.edelweiss-puettlingen.de\/wp-content\/uploads\/2019\/04\/FT17.jpg 1200w\" sizes=\"(max-width: 1024px) 100vw, 1024px\" \/><\/figure><\/li><li class=\"blocks-gallery-item\"><figure><img loading=\"lazy\" width=\"1024\" height=\"703\" src=\"http:\/\/jugend.edelweiss-puettlingen.de\/wp-content\/uploads\/2019\/04\/FT18-1024x703.jpg\" alt=\"\" data-id=\"330\" data-link=\"http:\/\/jugend.edelweiss-puettlingen.de\/?attachment_id=330\" class=\"wp-image-330\" srcset=\"http:\/\/jugend.edelweiss-puettlingen.de\/wp-content\/uploads\/2019\/04\/FT18-1024x703.jpg 1024w, http:\/\/jugend.edelweiss-puettlingen.de\/wp-content\/uploads\/2019\/04\/FT18-300x206.jpg 300w, http:\/\/jugend.edelweiss-puettlingen.de\/wp-content\/uploads\/2019\/04\/FT18-768x527.jpg 768w, http:\/\/jugend.edelweiss-puettlingen.de\/wp-content\/uploads\/2019\/04\/FT18.jpg 1200w\" sizes=\"(max-width: 1024px) 100vw, 1024px\" \/><\/figure><\/li><li class=\"blocks-gallery-item\"><figure><img loading=\"lazy\" width=\"1024\" height=\"691\" src=\"http:\/\/jugend.edelweiss-puettlingen.de\/wp-content\/uploads\/2019\/04\/FT19-1024x691.jpg\" alt=\"\" data-id=\"331\" data-link=\"http:\/\/jugend.edelweiss-puettlingen.de\/?attachment_id=331\" class=\"wp-image-331\" srcset=\"http:\/\/jugend.edelweiss-puettlingen.de\/wp-content\/uploads\/2019\/04\/FT19-1024x691.jpg 1024w, http:\/\/jugend.edelweiss-puettlingen.de\/wp-content\/uploads\/2019\/04\/FT19-300x203.jpg 300w, http:\/\/jugend.edelweiss-puettlingen.de\/wp-content\/uploads\/2019\/04\/FT19-768x518.jpg 768w, http:\/\/jugend.edelweiss-puettlingen.de\/wp-content\/uploads\/2019\/04\/FT19.jpg 1200w\" sizes=\"(max-width: 1024px) 100vw, 1024px\" \/><\/figure><\/li><li class=\"blocks-gallery-item\"><figure><img loading=\"lazy\" width=\"1024\" height=\"680\" src=\"http:\/\/jugend.edelweiss-puettlingen.de\/wp-content\/uploads\/2019\/04\/FT20-1024x680.jpg\" alt=\"\" data-id=\"332\" data-link=\"http:\/\/jugend.edelweiss-puettlingen.de\/?attachment_id=332\" class=\"wp-image-332\" srcset=\"http:\/\/jugend.edelweiss-puettlingen.de\/wp-content\/uploads\/2019\/04\/FT20-1024x680.jpg 1024w, http:\/\/jugend.edelweiss-puettlingen.de\/wp-content\/uploads\/2019\/04\/FT20-300x199.jpg 300w, http:\/\/jugend.edelweiss-puettlingen.de\/wp-content\/uploads\/2019\/04\/FT20-768x510.jpg 768w, http:\/\/jugend.edelweiss-puettlingen.de\/wp-content\/uploads\/2019\/04\/FT20.jpg 1200w\" sizes=\"(max-width: 1024px) 100vw, 1024px\" \/><\/figure><\/li><li class=\"blocks-gallery-item\"><figure><img loading=\"lazy\" width=\"1024\" height=\"701\" src=\"http:\/\/jugend.edelweiss-puettlingen.de\/wp-content\/uploads\/2019\/04\/FT21-1024x701.jpg\" alt=\"\" data-id=\"333\" data-link=\"http:\/\/jugend.edelweiss-puettlingen.de\/?attachment_id=333\" class=\"wp-image-333\" srcset=\"http:\/\/jugend.edelweiss-puettlingen.de\/wp-content\/uploads\/2019\/04\/FT21-1024x701.jpg 1024w, http:\/\/jugend.edelweiss-puettlingen.de\/wp-content\/uploads\/2019\/04\/FT21-300x206.jpg 300w, http:\/\/jugend.edelweiss-puettlingen.de\/wp-content\/uploads\/2019\/04\/FT21-768x526.jpg 768w, http:\/\/jugend.edelweiss-puettlingen.de\/wp-content\/uploads\/2019\/04\/FT21.jpg 1200w\" sizes=\"(max-width: 1024px) 100vw, 1024px\" \/><\/figure><\/li><li class=\"blocks-gallery-item\"><figure><img loading=\"lazy\" width=\"1024\" height=\"705\" src=\"http:\/\/jugend.edelweiss-puettlingen.de\/wp-content\/uploads\/2019\/04\/FT22-1024x705.jpg\" alt=\"\" data-id=\"334\" data-link=\"http:\/\/jugend.edelweiss-puettlingen.de\/?attachment_id=334\" class=\"wp-image-334\" srcset=\"http:\/\/jugend.edelweiss-puettlingen.de\/wp-content\/uploads\/2019\/04\/FT22-1024x705.jpg 1024w, http:\/\/jugend.edelweiss-puettlingen.de\/wp-content\/uploads\/2019\/04\/FT22-300x207.jpg 300w, http:\/\/jugend.edelweiss-puettlingen.de\/wp-content\/uploads\/2019\/04\/FT22-768x529.jpg 768w, http:\/\/jugend.edelweiss-puettlingen.de\/wp-content\/uploads\/2019\/04\/FT22.jpg 1200w\" sizes=\"(max-width: 1024px) 100vw, 1024px\" \/><\/figure><\/li><li class=\"blocks-gallery-item\"><figure><img loading=\"lazy\" width=\"1024\" height=\"690\" src=\"http:\/\/jugend.edelweiss-puettlingen.de\/wp-content\/uploads\/2019\/04\/FT23-1024x690.jpg\" alt=\"\" data-id=\"335\" data-link=\"http:\/\/jugend.edelweiss-puettlingen.de\/?attachment_id=335\" class=\"wp-image-335\" srcset=\"http:\/\/jugend.edelweiss-puettlingen.de\/wp-content\/uploads\/2019\/04\/FT23-1024x690.jpg 1024w, http:\/\/jugend.edelweiss-puettlingen.de\/wp-content\/uploads\/2019\/04\/FT23-300x202.jpg 300w, http:\/\/jugend.edelweiss-puettlingen.de\/wp-content\/uploads\/2019\/04\/FT23-768x518.jpg 768w, http:\/\/jugend.edelweiss-puettlingen.de\/wp-content\/uploads\/2019\/04\/FT23.jpg 1200w\" sizes=\"(max-width: 1024px) 100vw, 1024px\" \/><\/figure><\/li><li class=\"blocks-gallery-item\"><figure><img loading=\"lazy\" width=\"1024\" height=\"696\" src=\"http:\/\/jugend.edelweiss-puettlingen.de\/wp-content\/uploads\/2019\/04\/FT24-1024x696.jpg\" alt=\"\" data-id=\"336\" data-link=\"http:\/\/jugend.edelweiss-puettlingen.de\/?attachment_id=336\" class=\"wp-image-336\" srcset=\"http:\/\/jugend.edelweiss-puettlingen.de\/wp-content\/uploads\/2019\/04\/FT24-1024x696.jpg 1024w, http:\/\/jugend.edelweiss-puettlingen.de\/wp-content\/uploads\/2019\/04\/FT24-300x204.jpg 300w, http:\/\/jugend.edelweiss-puettlingen.de\/wp-content\/uploads\/2019\/04\/FT24-768x522.jpg 768w, http:\/\/jugend.edelweiss-puettlingen.de\/wp-content\/uploads\/2019\/04\/FT24.jpg 1200w\" sizes=\"(max-width: 1024px) 100vw, 1024px\" \/><\/figure><\/li><li class=\"blocks-gallery-item\"><figure><img loading=\"lazy\" width=\"1024\" height=\"701\" src=\"http:\/\/jugend.edelweiss-puettlingen.de\/wp-content\/uploads\/2019\/04\/FT25-1024x701.jpg\" alt=\"\" data-id=\"337\" data-link=\"http:\/\/jugend.edelweiss-puettlingen.de\/?attachment_id=337\" class=\"wp-image-337\" srcset=\"http:\/\/jugend.edelweiss-puettlingen.de\/wp-content\/uploads\/2019\/04\/FT25-1024x701.jpg 1024w, http:\/\/jugend.edelweiss-puettlingen.de\/wp-content\/uploads\/2019\/04\/FT25-300x205.jpg 300w, http:\/\/jugend.edelweiss-puettlingen.de\/wp-content\/uploads\/2019\/04\/FT25-768x525.jpg 768w, http:\/\/jugend.edelweiss-puettlingen.de\/wp-content\/uploads\/2019\/04\/FT25.jpg 1200w\" sizes=\"(max-width: 1024px) 100vw, 1024px\" \/><\/figure><\/li><li class=\"blocks-gallery-item\"><figure><img loading=\"lazy\" width=\"1024\" height=\"717\" src=\"http:\/\/jugend.edelweiss-puettlingen.de\/wp-content\/uploads\/2019\/04\/FT26-1024x717.jpg\" alt=\"\" data-id=\"338\" data-link=\"http:\/\/jugend.edelweiss-puettlingen.de\/?attachment_id=338\" class=\"wp-image-338\" srcset=\"http:\/\/jugend.edelweiss-puettlingen.de\/wp-content\/uploads\/2019\/04\/FT26-1024x717.jpg 1024w, http:\/\/jugend.edelweiss-puettlingen.de\/wp-content\/uploads\/2019\/04\/FT26-300x210.jpg 300w, http:\/\/jugend.edelweiss-puettlingen.de\/wp-content\/uploads\/2019\/04\/FT26-768x538.jpg 768w, http:\/\/jugend.edelweiss-puettlingen.de\/wp-content\/uploads\/2019\/04\/FT26.jpg 1200w\" sizes=\"(max-width: 1024px) 100vw, 1024px\" \/><\/figure><\/li><li class=\"blocks-gallery-item\"><figure><img loading=\"lazy\" width=\"1024\" height=\"696\" src=\"http:\/\/jugend.edelweiss-puettlingen.de\/wp-content\/uploads\/2019\/04\/FT27-1024x696.jpg\" alt=\"\" data-id=\"339\" data-link=\"http:\/\/jugend.edelweiss-puettlingen.de\/?attachment_id=339\" class=\"wp-image-339\" srcset=\"http:\/\/jugend.edelweiss-puettlingen.de\/wp-content\/uploads\/2019\/04\/FT27-1024x696.jpg 1024w, http:\/\/jugend.edelweiss-puettlingen.de\/wp-content\/uploads\/2019\/04\/FT27-300x204.jpg 300w, http:\/\/jugend.edelweiss-puettlingen.de\/wp-content\/uploads\/2019\/04\/FT27-768x522.jpg 768w, http:\/\/jugend.edelweiss-puettlingen.de\/wp-content\/uploads\/2019\/04\/FT27.jpg 1200w\" sizes=\"(max-width: 1024px) 100vw, 1024px\" \/><\/figure><\/li><li class=\"blocks-gallery-item\"><figure><img loading=\"lazy\" width=\"1024\" height=\"705\" src=\"http:\/\/jugend.edelweiss-puettlingen.de\/wp-content\/uploads\/2019\/04\/FT28-1024x705.jpg\" alt=\"\" data-id=\"340\" data-link=\"http:\/\/jugend.edelweiss-puettlingen.de\/?attachment_id=340\" class=\"wp-image-340\" srcset=\"http:\/\/jugend.edelweiss-puettlingen.de\/wp-content\/uploads\/2019\/04\/FT28-1024x705.jpg 1024w, http:\/\/jugend.edelweiss-puettlingen.de\/wp-content\/uploads\/2019\/04\/FT28-300x207.jpg 300w, http:\/\/jugend.edelweiss-puettlingen.de\/wp-content\/uploads\/2019\/04\/FT28-768x529.jpg 768w, http:\/\/jugend.edelweiss-puettlingen.de\/wp-content\/uploads\/2019\/04\/FT28.jpg 1200w\" sizes=\"(max-width: 1024px) 100vw, 1024px\" \/><\/figure><\/li><li class=\"blocks-gallery-item\"><figure><img loading=\"lazy\" width=\"1024\" height=\"692\" src=\"http:\/\/jugend.edelweiss-puettlingen.de\/wp-content\/uploads\/2019\/04\/FT29-1024x692.jpg\" alt=\"\" data-id=\"341\" data-link=\"http:\/\/jugend.edelweiss-puettlingen.de\/?attachment_id=341\" class=\"wp-image-341\" srcset=\"http:\/\/jugend.edelweiss-puettlingen.de\/wp-content\/uploads\/2019\/04\/FT29-1024x692.jpg 1024w, http:\/\/jugend.edelweiss-puettlingen.de\/wp-content\/uploads\/2019\/04\/FT29-300x203.jpg 300w, http:\/\/jugend.edelweiss-puettlingen.de\/wp-content\/uploads\/2019\/04\/FT29-768x519.jpg 768w, http:\/\/jugend.edelweiss-puettlingen.de\/wp-content\/uploads\/2019\/04\/FT29.jpg 1200w\" sizes=\"(max-width: 1024px) 100vw, 1024px\" \/><\/figure><\/li><li class=\"blocks-gallery-item\"><figure><img loading=\"lazy\" width=\"1024\" height=\"697\" src=\"http:\/\/jugend.edelweiss-puettlingen.de\/wp-content\/uploads\/2019\/04\/FT30-1024x697.jpg\" alt=\"\" data-id=\"342\" data-link=\"http:\/\/jugend.edelweiss-puettlingen.de\/?attachment_id=342\" class=\"wp-image-342\" srcset=\"http:\/\/jugend.edelweiss-puettlingen.de\/wp-content\/uploads\/2019\/04\/FT30-1024x697.jpg 1024w, http:\/\/jugend.edelweiss-puettlingen.de\/wp-content\/uploads\/2019\/04\/FT30-300x204.jpg 300w, http:\/\/jugend.edelweiss-puettlingen.de\/wp-content\/uploads\/2019\/04\/FT30-768x523.jpg 768w, http:\/\/jugend.edelweiss-puettlingen.de\/wp-content\/uploads\/2019\/04\/FT30.jpg 1200w\" sizes=\"(max-width: 1024px) 100vw, 1024px\" \/><\/figure><\/li><li class=\"blocks-gallery-item\"><figure><img loading=\"lazy\" width=\"1024\" height=\"694\" src=\"http:\/\/jugend.edelweiss-puettlingen.de\/wp-content\/uploads\/2019\/04\/FT31-1024x694.jpg\" alt=\"\" data-id=\"343\" data-link=\"http:\/\/jugend.edelweiss-puettlingen.de\/?attachment_id=343\" class=\"wp-image-343\" srcset=\"http:\/\/jugend.edelweiss-puettlingen.de\/wp-content\/uploads\/2019\/04\/FT31-1024x694.jpg 1024w, http:\/\/jugend.edelweiss-puettlingen.de\/wp-content\/uploads\/2019\/04\/FT31-300x203.jpg 300w, http:\/\/jugend.edelweiss-puettlingen.de\/wp-content\/uploads\/2019\/04\/FT31-768x520.jpg 768w, http:\/\/jugend.edelweiss-puettlingen.de\/wp-content\/uploads\/2019\/04\/FT31.jpg 1200w\" sizes=\"(max-width: 1024px) 100vw, 1024px\" \/><\/figure><\/li><li class=\"blocks-gallery-item\"><figure><img loading=\"lazy\" width=\"1024\" height=\"689\" src=\"http:\/\/jugend.edelweiss-puettlingen.de\/wp-content\/uploads\/2019\/04\/FT32-1024x689.jpg\" alt=\"\" data-id=\"344\" data-link=\"http:\/\/jugend.edelweiss-puettlingen.de\/?attachment_id=344\" class=\"wp-image-344\" srcset=\"http:\/\/jugend.edelweiss-puettlingen.de\/wp-content\/uploads\/2019\/04\/FT32-1024x689.jpg 1024w, http:\/\/jugend.edelweiss-puettlingen.de\/wp-content\/uploads\/2019\/04\/FT32-300x202.jpg 300w, http:\/\/jugend.edelweiss-puettlingen.de\/wp-content\/uploads\/2019\/04\/FT32-768x516.jpg 768w, http:\/\/jugend.edelweiss-puettlingen.de\/wp-content\/uploads\/2019\/04\/FT32.jpg 1200w\" sizes=\"(max-width: 1024px) 100vw, 1024px\" \/><\/figure><\/li><li class=\"blocks-gallery-item\"><figure><img loading=\"lazy\" width=\"1024\" height=\"719\" src=\"http:\/\/jugend.edelweiss-puettlingen.de\/wp-content\/uploads\/2019\/04\/FT33-1024x719.jpg\" alt=\"\" data-id=\"345\" data-link=\"http:\/\/jugend.edelweiss-puettlingen.de\/?attachment_id=345\" class=\"wp-image-345\" srcset=\"http:\/\/jugend.edelweiss-puettlingen.de\/wp-content\/uploads\/2019\/04\/FT33-1024x719.jpg 1024w, http:\/\/jugend.edelweiss-puettlingen.de\/wp-content\/uploads\/2019\/04\/FT33-300x211.jpg 300w, http:\/\/jugend.edelweiss-puettlingen.de\/wp-content\/uploads\/2019\/04\/FT33-768x539.jpg 768w, http:\/\/jugend.edelweiss-puettlingen.de\/wp-content\/uploads\/2019\/04\/FT33.jpg 1200w\" sizes=\"(max-width: 1024px) 100vw, 1024px\" \/><\/figure><\/li><li class=\"blocks-gallery-item\"><figure><img loading=\"lazy\" width=\"1024\" height=\"701\" src=\"http:\/\/jugend.edelweiss-puettlingen.de\/wp-content\/uploads\/2019\/04\/FT34-1024x701.jpg\" alt=\"\" data-id=\"346\" data-link=\"http:\/\/jugend.edelweiss-puettlingen.de\/?attachment_id=346\" class=\"wp-image-346\" srcset=\"http:\/\/jugend.edelweiss-puettlingen.de\/wp-content\/uploads\/2019\/04\/FT34-1024x701.jpg 1024w, http:\/\/jugend.edelweiss-puettlingen.de\/wp-content\/uploads\/2019\/04\/FT34-300x206.jpg 300w, http:\/\/jugend.edelweiss-puettlingen.de\/wp-content\/uploads\/2019\/04\/FT34-768x526.jpg 768w, http:\/\/jugend.edelweiss-puettlingen.de\/wp-content\/uploads\/2019\/04\/FT34.jpg 1200w\" sizes=\"(max-width: 1024px) 100vw, 1024px\" \/><\/figure><\/li><li class=\"blocks-gallery-item\"><figure><img loading=\"lazy\" width=\"1024\" height=\"691\" src=\"http:\/\/jugend.edelweiss-puettlingen.de\/wp-content\/uploads\/2019\/04\/FT35-1024x691.jpg\" alt=\"\" data-id=\"347\" data-link=\"http:\/\/jugend.edelweiss-puettlingen.de\/?attachment_id=347\" class=\"wp-image-347\" srcset=\"http:\/\/jugend.edelweiss-puettlingen.de\/wp-content\/uploads\/2019\/04\/FT35-1024x691.jpg 1024w, http:\/\/jugend.edelweiss-puettlingen.de\/wp-content\/uploads\/2019\/04\/FT35-300x203.jpg 300w, http:\/\/jugend.edelweiss-puettlingen.de\/wp-content\/uploads\/2019\/04\/FT35-768x518.jpg 768w, http:\/\/jugend.edelweiss-puettlingen.de\/wp-content\/uploads\/2019\/04\/FT35.jpg 1200w\" sizes=\"(max-width: 1024px) 100vw, 1024px\" \/><\/figure><\/li><li class=\"blocks-gallery-item\"><figure><img loading=\"lazy\" width=\"1024\" height=\"702\" src=\"http:\/\/jugend.edelweiss-puettlingen.de\/wp-content\/uploads\/2019\/04\/FT36-1024x702.jpg\" alt=\"\" data-id=\"348\" data-link=\"http:\/\/jugend.edelweiss-puettlingen.de\/?attachment_id=348\" class=\"wp-image-348\" srcset=\"http:\/\/jugend.edelweiss-puettlingen.de\/wp-content\/uploads\/2019\/04\/FT36-1024x702.jpg 1024w, http:\/\/jugend.edelweiss-puettlingen.de\/wp-content\/uploads\/2019\/04\/FT36-300x206.jpg 300w, http:\/\/jugend.edelweiss-puettlingen.de\/wp-content\/uploads\/2019\/04\/FT36-768x527.jpg 768w, http:\/\/jugend.edelweiss-puettlingen.de\/wp-content\/uploads\/2019\/04\/FT36.jpg 1200w\" sizes=\"(max-width: 1024px) 100vw, 1024px\" \/><\/figure><\/li><li class=\"blocks-gallery-item\"><figure><img loading=\"lazy\" width=\"1024\" height=\"699\" src=\"http:\/\/jugend.edelweiss-puettlingen.de\/wp-content\/uploads\/2019\/04\/FT37-1024x699.jpg\" alt=\"\" data-id=\"349\" data-link=\"http:\/\/jugend.edelweiss-puettlingen.de\/?attachment_id=349\" class=\"wp-image-349\" srcset=\"http:\/\/jugend.edelweiss-puettlingen.de\/wp-content\/uploads\/2019\/04\/FT37-1024x699.jpg 1024w, http:\/\/jugend.edelweiss-puettlingen.de\/wp-content\/uploads\/2019\/04\/FT37-300x205.jpg 300w, http:\/\/jugend.edelweiss-puettlingen.de\/wp-content\/uploads\/2019\/04\/FT37-768x524.jpg 768w, http:\/\/jugend.edelweiss-puettlingen.de\/wp-content\/uploads\/2019\/04\/FT37.jpg 1200w\" sizes=\"(max-width: 1024px) 100vw, 1024px\" \/><\/figure><\/li><li class=\"blocks-gallery-item\"><figure><img loading=\"lazy\" width=\"1024\" height=\"698\" src=\"http:\/\/jugend.edelweiss-puettlingen.de\/wp-content\/uploads\/2019\/04\/FT38-1024x698.jpg\" alt=\"\" data-id=\"350\" data-link=\"http:\/\/jugend.edelweiss-puettlingen.de\/?attachment_id=350\" class=\"wp-image-350\" srcset=\"http:\/\/jugend.edelweiss-puettlingen.de\/wp-content\/uploads\/2019\/04\/FT38-1024x698.jpg 1024w, http:\/\/jugend.edelweiss-puettlingen.de\/wp-content\/uploads\/2019\/04\/FT38-300x205.jpg 300w, http:\/\/jugend.edelweiss-puettlingen.de\/wp-content\/uploads\/2019\/04\/FT38-768x524.jpg 768w, http:\/\/jugend.edelweiss-puettlingen.de\/wp-content\/uploads\/2019\/04\/FT38.jpg 1200w\" sizes=\"(max-width: 1024px) 100vw, 1024px\" \/><\/figure><\/li><li class=\"blocks-gallery-item\"><figure><img loading=\"lazy\" width=\"1024\" height=\"620\" src=\"http:\/\/jugend.edelweiss-puettlingen.de\/wp-content\/uploads\/2019\/04\/FT39-1024x620.jpg\" alt=\"\" data-id=\"351\" data-link=\"http:\/\/jugend.edelweiss-puettlingen.de\/?attachment_id=351\" class=\"wp-image-351\" srcset=\"http:\/\/jugend.edelweiss-puettlingen.de\/wp-content\/uploads\/2019\/04\/FT39-1024x620.jpg 1024w, http:\/\/jugend.edelweiss-puettlingen.de\/wp-content\/uploads\/2019\/04\/FT39-300x182.jpg 300w, http:\/\/jugend.edelweiss-puettlingen.de\/wp-content\/uploads\/2019\/04\/FT39-768x465.jpg 768w, http:\/\/jugend.edelweiss-puettlingen.de\/wp-content\/uploads\/2019\/04\/FT39.jpg 1200w\" sizes=\"(max-width: 1024px) 100vw, 1024px\" \/><\/figure><\/li><li class=\"blocks-gallery-item\"><figure><img loading=\"lazy\" width=\"1024\" height=\"701\" src=\"http:\/\/jugend.edelweiss-puettlingen.de\/wp-content\/uploads\/2019\/04\/FT40-1024x701.jpg\" alt=\"\" data-id=\"352\" data-link=\"http:\/\/jugend.edelweiss-puettlingen.de\/?attachment_id=352\" class=\"wp-image-352\" srcset=\"http:\/\/jugend.edelweiss-puettlingen.de\/wp-content\/uploads\/2019\/04\/FT40-1024x701.jpg 1024w, http:\/\/jugend.edelweiss-puettlingen.de\/wp-content\/uploads\/2019\/04\/FT40-300x205.jpg 300w, http:\/\/jugend.edelweiss-puettlingen.de\/wp-content\/uploads\/2019\/04\/FT40-768x525.jpg 768w, http:\/\/jugend.edelweiss-puettlingen.de\/wp-content\/uploads\/2019\/04\/FT40.jpg 1200w\" sizes=\"(max-width: 1024px) 100vw, 1024px\" \/><\/figure><\/li><li class=\"blocks-gallery-item\"><figure><img loading=\"lazy\" width=\"1024\" height=\"684\" src=\"http:\/\/jugend.edelweiss-puettlingen.de\/wp-content\/uploads\/2019\/04\/FT41-1024x684.jpg\" alt=\"\" data-id=\"353\" data-link=\"http:\/\/jugend.edelweiss-puettlingen.de\/?attachment_id=353\" class=\"wp-image-353\" srcset=\"http:\/\/jugend.edelweiss-puettlingen.de\/wp-content\/uploads\/2019\/04\/FT41-1024x684.jpg 1024w, http:\/\/jugend.edelweiss-puettlingen.de\/wp-content\/uploads\/2019\/04\/FT41-300x200.jpg 300w, http:\/\/jugend.edelweiss-puettlingen.de\/wp-content\/uploads\/2019\/04\/FT41-768x513.jpg 768w, http:\/\/jugend.edelweiss-puettlingen.de\/wp-content\/uploads\/2019\/04\/FT41.jpg 1200w\" sizes=\"(max-width: 1024px) 100vw, 1024px\" \/><\/figure><\/li><li class=\"blocks-gallery-item\"><figure><img loading=\"lazy\" width=\"1024\" height=\"701\" src=\"http:\/\/jugend.edelweiss-puettlingen.de\/wp-content\/uploads\/2019\/04\/FT42-1024x701.jpg\" alt=\"\" data-id=\"354\" data-link=\"http:\/\/jugend.edelweiss-puettlingen.de\/?attachment_id=354\" class=\"wp-image-354\" srcset=\"http:\/\/jugend.edelweiss-puettlingen.de\/wp-content\/uploads\/2019\/04\/FT42-1024x701.jpg 1024w, http:\/\/jugend.edelweiss-puettlingen.de\/wp-content\/uploads\/2019\/04\/FT42-300x205.jpg 300w, http:\/\/jugend.edelweiss-puettlingen.de\/wp-content\/uploads\/2019\/04\/FT42-768x525.jpg 768w, http:\/\/jugend.edelweiss-puettlingen.de\/wp-content\/uploads\/2019\/04\/FT42.jpg 1200w\" sizes=\"(max-width: 1024px) 100vw, 1024px\" \/><\/figure><\/li><li class=\"blocks-gallery-item\"><figure><img loading=\"lazy\" width=\"1024\" height=\"698\" src=\"http:\/\/jugend.edelweiss-puettlingen.de\/wp-content\/uploads\/2019\/04\/FT43-1024x698.jpg\" alt=\"\" data-id=\"355\" data-link=\"http:\/\/jugend.edelweiss-puettlingen.de\/?attachment_id=355\" class=\"wp-image-355\" srcset=\"http:\/\/jugend.edelweiss-puettlingen.de\/wp-content\/uploads\/2019\/04\/FT43-1024x698.jpg 1024w, http:\/\/jugend.edelweiss-puettlingen.de\/wp-content\/uploads\/2019\/04\/FT43-300x205.jpg 300w, http:\/\/jugend.edelweiss-puettlingen.de\/wp-content\/uploads\/2019\/04\/FT43-768x524.jpg 768w, http:\/\/jugend.edelweiss-puettlingen.de\/wp-content\/uploads\/2019\/04\/FT43.jpg 1200w\" sizes=\"(max-width: 1024px) 100vw, 1024px\" \/><\/figure><\/li><li class=\"blocks-gallery-item\"><figure><img loading=\"lazy\" width=\"1024\" height=\"695\" src=\"http:\/\/jugend.edelweiss-puettlingen.de\/wp-content\/uploads\/2019\/04\/FT44-1024x695.jpg\" alt=\"\" data-id=\"356\" data-link=\"http:\/\/jugend.edelweiss-puettlingen.de\/?attachment_id=356\" class=\"wp-image-356\" srcset=\"http:\/\/jugend.edelweiss-puettlingen.de\/wp-content\/uploads\/2019\/04\/FT44-1024x695.jpg 1024w, http:\/\/jugend.edelweiss-puettlingen.de\/wp-content\/uploads\/2019\/04\/FT44-300x204.jpg 300w, http:\/\/jugend.edelweiss-puettlingen.de\/wp-content\/uploads\/2019\/04\/FT44-768x521.jpg 768w, http:\/\/jugend.edelweiss-puettlingen.de\/wp-content\/uploads\/2019\/04\/FT44.jpg 1200w\" sizes=\"(max-width: 1024px) 100vw, 1024px\" \/><\/figure><\/li><li class=\"blocks-gallery-item\"><figure><img loading=\"lazy\" width=\"1024\" height=\"687\" src=\"http:\/\/jugend.edelweiss-puettlingen.de\/wp-content\/uploads\/2019\/04\/FT45-1024x687.jpg\" alt=\"\" data-id=\"357\" data-link=\"http:\/\/jugend.edelweiss-puettlingen.de\/?attachment_id=357\" class=\"wp-image-357\" srcset=\"http:\/\/jugend.edelweiss-puettlingen.de\/wp-content\/uploads\/2019\/04\/FT45-1024x687.jpg 1024w, http:\/\/jugend.edelweiss-puettlingen.de\/wp-content\/uploads\/2019\/04\/FT45-300x201.jpg 300w, http:\/\/jugend.edelweiss-puettlingen.de\/wp-content\/uploads\/2019\/04\/FT45-768x515.jpg 768w, http:\/\/jugend.edelweiss-puettlingen.de\/wp-content\/uploads\/2019\/04\/FT45.jpg 1200w\" sizes=\"(max-width: 1024px) 100vw, 1024px\" \/><\/figure><\/li><li class=\"blocks-gallery-item\"><figure><img loading=\"lazy\" width=\"1024\" height=\"696\" src=\"http:\/\/jugend.edelweiss-puettlingen.de\/wp-content\/uploads\/2019\/04\/FT46-1024x696.jpg\" alt=\"\" data-id=\"358\" data-link=\"http:\/\/jugend.edelweiss-puettlingen.de\/?attachment_id=358\" class=\"wp-image-358\" srcset=\"http:\/\/jugend.edelweiss-puettlingen.de\/wp-content\/uploads\/2019\/04\/FT46-1024x696.jpg 1024w, http:\/\/jugend.edelweiss-puettlingen.de\/wp-content\/uploads\/2019\/04\/FT46-300x204.jpg 300w, http:\/\/jugend.edelweiss-puettlingen.de\/wp-content\/uploads\/2019\/04\/FT46-768x522.jpg 768w, http:\/\/jugend.edelweiss-puettlingen.de\/wp-content\/uploads\/2019\/04\/FT46.jpg 1200w\" sizes=\"(max-width: 1024px) 100vw, 1024px\" \/><\/figure><\/li><li class=\"blocks-gallery-item\"><figure><img loading=\"lazy\" width=\"1024\" height=\"685\" src=\"http:\/\/jugend.edelweiss-puettlingen.de\/wp-content\/uploads\/2019\/04\/FT47-1024x685.jpg\" alt=\"\" data-id=\"359\" data-link=\"http:\/\/jugend.edelweiss-puettlingen.de\/?attachment_id=359\" class=\"wp-image-359\" srcset=\"http:\/\/jugend.edelweiss-puettlingen.de\/wp-content\/uploads\/2019\/04\/FT47-1024x685.jpg 1024w, http:\/\/jugend.edelweiss-puettlingen.de\/wp-content\/uploads\/2019\/04\/FT47-300x201.jpg 300w, http:\/\/jugend.edelweiss-puettlingen.de\/wp-content\/uploads\/2019\/04\/FT47-768x514.jpg 768w, http:\/\/jugend.edelweiss-puettlingen.de\/wp-content\/uploads\/2019\/04\/FT47.jpg 1200w\" sizes=\"(max-width: 1024px) 100vw, 1024px\" \/><\/figure><\/li><li class=\"blocks-gallery-item\"><figure><img loading=\"lazy\" width=\"1024\" height=\"698\" src=\"http:\/\/jugend.edelweiss-puettlingen.de\/wp-content\/uploads\/2019\/04\/FT48-1024x698.jpg\" alt=\"\" data-id=\"360\" data-link=\"http:\/\/jugend.edelweiss-puettlingen.de\/?attachment_id=360\" class=\"wp-image-360\" srcset=\"http:\/\/jugend.edelweiss-puettlingen.de\/wp-content\/uploads\/2019\/04\/FT48-1024x698.jpg 1024w, http:\/\/jugend.edelweiss-puettlingen.de\/wp-content\/uploads\/2019\/04\/FT48-300x205.jpg 300w, http:\/\/jugend.edelweiss-puettlingen.de\/wp-content\/uploads\/2019\/04\/FT48-768x524.jpg 768w, http:\/\/jugend.edelweiss-puettlingen.de\/wp-content\/uploads\/2019\/04\/FT48.jpg 1200w\" sizes=\"(max-width: 1024px) 100vw, 1024px\" \/><\/figure><\/li><li class=\"blocks-gallery-item\"><figure><img loading=\"lazy\" width=\"1024\" height=\"689\" src=\"http:\/\/jugend.edelweiss-puettlingen.de\/wp-content\/uploads\/2019\/04\/FT49-1024x689.jpg\" alt=\"\" data-id=\"361\" data-link=\"http:\/\/jugend.edelweiss-puettlingen.de\/?attachment_id=361\" class=\"wp-image-361\" srcset=\"http:\/\/jugend.edelweiss-puettlingen.de\/wp-content\/uploads\/2019\/04\/FT49-1024x689.jpg 1024w, http:\/\/jugend.edelweiss-puettlingen.de\/wp-content\/uploads\/2019\/04\/FT49-300x202.jpg 300w, http:\/\/jugend.edelweiss-puettlingen.de\/wp-content\/uploads\/2019\/04\/FT49-768x516.jpg 768w, http:\/\/jugend.edelweiss-puettlingen.de\/wp-content\/uploads\/2019\/04\/FT49.jpg 1200w\" sizes=\"(max-width: 1024px) 100vw, 1024px\" \/><\/figure><\/li><li class=\"blocks-gallery-item\"><figure><img loading=\"lazy\" width=\"1024\" height=\"695\" src=\"http:\/\/jugend.edelweiss-puettlingen.de\/wp-content\/uploads\/2019\/04\/FT50-1024x695.jpg\" alt=\"\" data-id=\"362\" data-link=\"http:\/\/jugend.edelweiss-puettlingen.de\/?attachment_id=362\" class=\"wp-image-362\" srcset=\"http:\/\/jugend.edelweiss-puettlingen.de\/wp-content\/uploads\/2019\/04\/FT50-1024x695.jpg 1024w, http:\/\/jugend.edelweiss-puettlingen.de\/wp-content\/uploads\/2019\/04\/FT50-300x204.jpg 300w, http:\/\/jugend.edelweiss-puettlingen.de\/wp-content\/uploads\/2019\/04\/FT50-768x521.jpg 768w, http:\/\/jugend.edelweiss-puettlingen.de\/wp-content\/uploads\/2019\/04\/FT50.jpg 1200w\" sizes=\"(max-width: 1024px) 100vw, 1024px\" \/><\/figure><\/li><li class=\"blocks-gallery-item\"><figure><img loading=\"lazy\" width=\"1024\" height=\"688\" src=\"http:\/\/jugend.edelweiss-puettlingen.de\/wp-content\/uploads\/2019\/04\/FT51-1024x688.jpg\" alt=\"\" data-id=\"363\" data-link=\"http:\/\/jugend.edelweiss-puettlingen.de\/?attachment_id=363\" class=\"wp-image-363\" srcset=\"http:\/\/jugend.edelweiss-puettlingen.de\/wp-content\/uploads\/2019\/04\/FT51-1024x688.jpg 1024w, http:\/\/jugend.edelweiss-puettlingen.de\/wp-content\/uploads\/2019\/04\/FT51-300x202.jpg 300w, http:\/\/jugend.edelweiss-puettlingen.de\/wp-content\/uploads\/2019\/04\/FT51-768x516.jpg 768w, http:\/\/jugend.edelweiss-puettlingen.de\/wp-content\/uploads\/2019\/04\/FT51.jpg 1200w\" sizes=\"(max-width: 1024px) 100vw, 1024px\" \/><\/figure><\/li><li class=\"blocks-gallery-item\"><figure><img loading=\"lazy\" width=\"1024\" height=\"707\" src=\"http:\/\/jugend.edelweiss-puettlingen.de\/wp-content\/uploads\/2019\/04\/FT52-1024x707.jpg\" alt=\"\" data-id=\"364\" data-link=\"http:\/\/jugend.edelweiss-puettlingen.de\/?attachment_id=364\" class=\"wp-image-364\" srcset=\"http:\/\/jugend.edelweiss-puettlingen.de\/wp-content\/uploads\/2019\/04\/FT52-1024x707.jpg 1024w, http:\/\/jugend.edelweiss-puettlingen.de\/wp-content\/uploads\/2019\/04\/FT52-300x207.jpg 300w, http:\/\/jugend.edelweiss-puettlingen.de\/wp-content\/uploads\/2019\/04\/FT52-768x530.jpg 768w, http:\/\/jugend.edelweiss-puettlingen.de\/wp-content\/uploads\/2019\/04\/FT52.jpg 1200w\" sizes=\"(max-width: 1024px) 100vw, 1024px\" \/><\/figure><\/li><li class=\"blocks-gallery-item\"><figure><img loading=\"lazy\" width=\"1024\" height=\"685\" src=\"http:\/\/jugend.edelweiss-puettlingen.de\/wp-content\/uploads\/2019\/04\/FT53-1024x685.jpg\" alt=\"\" data-id=\"365\" data-link=\"http:\/\/jugend.edelweiss-puettlingen.de\/?attachment_id=365\" class=\"wp-image-365\" srcset=\"http:\/\/jugend.edelweiss-puettlingen.de\/wp-content\/uploads\/2019\/04\/FT53-1024x685.jpg 1024w, http:\/\/jugend.edelweiss-puettlingen.de\/wp-content\/uploads\/2019\/04\/FT53-300x201.jpg 300w, http:\/\/jugend.edelweiss-puettlingen.de\/wp-content\/uploads\/2019\/04\/FT53-768x514.jpg 768w, http:\/\/jugend.edelweiss-puettlingen.de\/wp-content\/uploads\/2019\/04\/FT53.jpg 1200w\" sizes=\"(max-width: 1024px) 100vw, 1024px\" \/><\/figure><\/li><li class=\"blocks-gallery-item\"><figure><img loading=\"lazy\" width=\"1024\" height=\"701\" src=\"http:\/\/jugend.edelweiss-puettlingen.de\/wp-content\/uploads\/2019\/04\/FT54-1024x701.jpg\" alt=\"\" data-id=\"366\" data-link=\"http:\/\/jugend.edelweiss-puettlingen.de\/?attachment_id=366\" class=\"wp-image-366\" srcset=\"http:\/\/jugend.edelweiss-puettlingen.de\/wp-content\/uploads\/2019\/04\/FT54-1024x701.jpg 1024w, http:\/\/jugend.edelweiss-puettlingen.de\/wp-content\/uploads\/2019\/04\/FT54-300x205.jpg 300w, http:\/\/jugend.edelweiss-puettlingen.de\/wp-content\/uploads\/2019\/04\/FT54-768x525.jpg 768w, http:\/\/jugend.edelweiss-puettlingen.de\/wp-content\/uploads\/2019\/04\/FT54.jpg 1200w\" sizes=\"(max-width: 1024px) 100vw, 1024px\" \/><\/figure><\/li><li class=\"blocks-gallery-item\"><figure><img loading=\"lazy\" width=\"1024\" height=\"693\" src=\"http:\/\/jugend.edelweiss-puettlingen.de\/wp-content\/uploads\/2019\/04\/FT55-1024x693.jpg\" alt=\"\" data-id=\"367\" data-link=\"http:\/\/jugend.edelweiss-puettlingen.de\/?attachment_id=367\" class=\"wp-image-367\" srcset=\"http:\/\/jugend.edelweiss-puettlingen.de\/wp-content\/uploads\/2019\/04\/FT55-1024x693.jpg 1024w, http:\/\/jugend.edelweiss-puettlingen.de\/wp-content\/uploads\/2019\/04\/FT55-300x203.jpg 300w, http:\/\/jugend.edelweiss-puettlingen.de\/wp-content\/uploads\/2019\/04\/FT55-768x520.jpg 768w, http:\/\/jugend.edelweiss-puettlingen.de\/wp-content\/uploads\/2019\/04\/FT55.jpg 1200w\" sizes=\"(max-width: 1024px) 100vw, 1024px\" \/><\/figure><\/li><li class=\"blocks-gallery-item\"><figure><img loading=\"lazy\" width=\"1024\" height=\"708\" src=\"http:\/\/jugend.edelweiss-puettlingen.de\/wp-content\/uploads\/2019\/04\/FT56-1024x708.jpg\" alt=\"\" data-id=\"368\" data-link=\"http:\/\/jugend.edelweiss-puettlingen.de\/?attachment_id=368\" class=\"wp-image-368\" srcset=\"http:\/\/jugend.edelweiss-puettlingen.de\/wp-content\/uploads\/2019\/04\/FT56-1024x708.jpg 1024w, http:\/\/jugend.edelweiss-puettlingen.de\/wp-content\/uploads\/2019\/04\/FT56-300x208.jpg 300w, http:\/\/jugend.edelweiss-puettlingen.de\/wp-content\/uploads\/2019\/04\/FT56-768x531.jpg 768w, http:\/\/jugend.edelweiss-puettlingen.de\/wp-content\/uploads\/2019\/04\/FT56.jpg 1200w\" sizes=\"(max-width: 1024px) 100vw, 1024px\" \/><\/figure><\/li><li class=\"blocks-gallery-item\"><figure><img loading=\"lazy\" width=\"1024\" height=\"699\" src=\"http:\/\/jugend.edelweiss-puettlingen.de\/wp-content\/uploads\/2019\/04\/FT57-1024x699.jpg\" alt=\"\" data-id=\"369\" data-link=\"http:\/\/jugend.edelweiss-puettlingen.de\/?attachment_id=369\" class=\"wp-image-369\" srcset=\"http:\/\/jugend.edelweiss-puettlingen.de\/wp-content\/uploads\/2019\/04\/FT57-1024x699.jpg 1024w, http:\/\/jugend.edelweiss-puettlingen.de\/wp-content\/uploads\/2019\/04\/FT57-300x205.jpg 300w, http:\/\/jugend.edelweiss-puettlingen.de\/wp-content\/uploads\/2019\/04\/FT57-768x524.jpg 768w, http:\/\/jugend.edelweiss-puettlingen.de\/wp-content\/uploads\/2019\/04\/FT57.jpg 1200w\" sizes=\"(max-width: 1024px) 100vw, 1024px\" \/><\/figure><\/li><li class=\"blocks-gallery-item\"><figure><img loading=\"lazy\" width=\"1024\" height=\"700\" src=\"http:\/\/jugend.edelweiss-puettlingen.de\/wp-content\/uploads\/2019\/04\/FT58-1024x700.jpg\" alt=\"\" data-id=\"370\" data-link=\"http:\/\/jugend.edelweiss-puettlingen.de\/?attachment_id=370\" class=\"wp-image-370\" srcset=\"http:\/\/jugend.edelweiss-puettlingen.de\/wp-content\/uploads\/2019\/04\/FT58-1024x700.jpg 1024w, http:\/\/jugend.edelweiss-puettlingen.de\/wp-content\/uploads\/2019\/04\/FT58-300x205.jpg 300w, http:\/\/jugend.edelweiss-puettlingen.de\/wp-content\/uploads\/2019\/04\/FT58-768x525.jpg 768w, http:\/\/jugend.edelweiss-puettlingen.de\/wp-content\/uploads\/2019\/04\/FT58.jpg 1200w\" sizes=\"(max-width: 1024px) 100vw, 1024px\" \/><\/figure><\/li><li class=\"blocks-gallery-item\"><figure><img loading=\"lazy\" width=\"1024\" height=\"698\" src=\"http:\/\/jugend.edelweiss-puettlingen.de\/wp-content\/uploads\/2019\/04\/FT59-1024x698.jpg\" alt=\"\" data-id=\"371\" data-link=\"http:\/\/jugend.edelweiss-puettlingen.de\/?attachment_id=371\" class=\"wp-image-371\" srcset=\"http:\/\/jugend.edelweiss-puettlingen.de\/wp-content\/uploads\/2019\/04\/FT59-1024x698.jpg 1024w, http:\/\/jugend.edelweiss-puettlingen.de\/wp-content\/uploads\/2019\/04\/FT59-300x205.jpg 300w, http:\/\/jugend.edelweiss-puettlingen.de\/wp-content\/uploads\/2019\/04\/FT59-768x524.jpg 768w, http:\/\/jugend.edelweiss-puettlingen.de\/wp-content\/uploads\/2019\/04\/FT59.jpg 1200w\" sizes=\"(max-width: 1024px) 100vw, 1024px\" \/><\/figure><\/li><li class=\"blocks-gallery-item\"><figure><img loading=\"lazy\" width=\"1024\" height=\"690\" src=\"http:\/\/jugend.edelweiss-puettlingen.de\/wp-content\/uploads\/2019\/04\/FT60-1024x690.jpg\" alt=\"\" data-id=\"372\" data-link=\"http:\/\/jugend.edelweiss-puettlingen.de\/?attachment_id=372\" class=\"wp-image-372\" srcset=\"http:\/\/jugend.edelweiss-puettlingen.de\/wp-content\/uploads\/2019\/04\/FT60-1024x690.jpg 1024w, http:\/\/jugend.edelweiss-puettlingen.de\/wp-content\/uploads\/2019\/04\/FT60-300x202.jpg 300w, http:\/\/jugend.edelweiss-puettlingen.de\/wp-content\/uploads\/2019\/04\/FT60-768x518.jpg 768w, http:\/\/jugend.edelweiss-puettlingen.de\/wp-content\/uploads\/2019\/04\/FT60.jpg 1200w\" sizes=\"(max-width: 1024px) 100vw, 1024px\" \/><\/figure><\/li><li class=\"blocks-gallery-item\"><figure><img loading=\"lazy\" width=\"1024\" height=\"704\" src=\"http:\/\/jugend.edelweiss-puettlingen.de\/wp-content\/uploads\/2019\/04\/FT61-1024x704.jpg\" alt=\"\" data-id=\"373\" data-link=\"http:\/\/jugend.edelweiss-puettlingen.de\/?attachment_id=373\" class=\"wp-image-373\" srcset=\"http:\/\/jugend.edelweiss-puettlingen.de\/wp-content\/uploads\/2019\/04\/FT61-1024x704.jpg 1024w, http:\/\/jugend.edelweiss-puettlingen.de\/wp-content\/uploads\/2019\/04\/FT61-300x206.jpg 300w, http:\/\/jugend.edelweiss-puettlingen.de\/wp-content\/uploads\/2019\/04\/FT61-768x528.jpg 768w, http:\/\/jugend.edelweiss-puettlingen.de\/wp-content\/uploads\/2019\/04\/FT61.jpg 1200w\" sizes=\"(max-width: 1024px) 100vw, 1024px\" \/><\/figure><\/li><li class=\"blocks-gallery-item\"><figure><img loading=\"lazy\" width=\"1024\" height=\"706\" src=\"http:\/\/jugend.edelweiss-puettlingen.de\/wp-content\/uploads\/2019\/04\/FT62-1024x706.jpg\" alt=\"\" data-id=\"374\" data-link=\"http:\/\/jugend.edelweiss-puettlingen.de\/?attachment_id=374\" class=\"wp-image-374\" srcset=\"http:\/\/jugend.edelweiss-puettlingen.de\/wp-content\/uploads\/2019\/04\/FT62-1024x706.jpg 1024w, http:\/\/jugend.edelweiss-puettlingen.de\/wp-content\/uploads\/2019\/04\/FT62-300x207.jpg 300w, http:\/\/jugend.edelweiss-puettlingen.de\/wp-content\/uploads\/2019\/04\/FT62-768x529.jpg 768w, http:\/\/jugend.edelweiss-puettlingen.de\/wp-content\/uploads\/2019\/04\/FT62.jpg 1200w\" sizes=\"(max-width: 1024px) 100vw, 1024px\" \/><\/figure><\/li><li class=\"blocks-gallery-item\"><figure><img loading=\"lazy\" width=\"1024\" height=\"671\" src=\"http:\/\/jugend.edelweiss-puettlingen.de\/wp-content\/uploads\/2019\/04\/FT63-1024x671.jpg\" alt=\"\" data-id=\"375\" data-link=\"http:\/\/jugend.edelweiss-puettlingen.de\/?attachment_id=375\" class=\"wp-image-375\" srcset=\"http:\/\/jugend.edelweiss-puettlingen.de\/wp-content\/uploads\/2019\/04\/FT63-1024x671.jpg 1024w, http:\/\/jugend.edelweiss-puettlingen.de\/wp-content\/uploads\/2019\/04\/FT63-300x197.jpg 300w, http:\/\/jugend.edelweiss-puettlingen.de\/wp-content\/uploads\/2019\/04\/FT63-768x503.jpg 768w, http:\/\/jugend.edelweiss-puettlingen.de\/wp-content\/uploads\/2019\/04\/FT63.jpg 1200w\" sizes=\"(max-width: 1024px) 100vw, 1024px\" \/><\/figure><\/li><li class=\"blocks-gallery-item\"><figure><img loading=\"lazy\" width=\"1024\" height=\"629\" src=\"http:\/\/jugend.edelweiss-puettlingen.de\/wp-content\/uploads\/2019\/04\/FT64-1024x629.jpg\" alt=\"\" data-id=\"376\" data-link=\"http:\/\/jugend.edelweiss-puettlingen.de\/?attachment_id=376\" class=\"wp-image-376\" srcset=\"http:\/\/jugend.edelweiss-puettlingen.de\/wp-content\/uploads\/2019\/04\/FT64-1024x629.jpg 1024w, http:\/\/jugend.edelweiss-puettlingen.de\/wp-content\/uploads\/2019\/04\/FT64-300x184.jpg 300w, http:\/\/jugend.edelweiss-puettlingen.de\/wp-content\/uploads\/2019\/04\/FT64-768x472.jpg 768w, http:\/\/jugend.edelweiss-puettlingen.de\/wp-content\/uploads\/2019\/04\/FT64.jpg 1200w\" sizes=\"(max-width: 1024px) 100vw, 1024px\" \/><\/figure><\/li><li class=\"blocks-gallery-item\"><figure><img loading=\"lazy\" width=\"1024\" height=\"711\" src=\"http:\/\/jugend.edelweiss-puettlingen.de\/wp-content\/uploads\/2019\/04\/FT65-1024x711.jpg\" alt=\"\" data-id=\"377\" data-link=\"http:\/\/jugend.edelweiss-puettlingen.de\/?attachment_id=377\" class=\"wp-image-377\" srcset=\"http:\/\/jugend.edelweiss-puettlingen.de\/wp-content\/uploads\/2019\/04\/FT65-1024x711.jpg 1024w, http:\/\/jugend.edelweiss-puettlingen.de\/wp-content\/uploads\/2019\/04\/FT65-300x208.jpg 300w, http:\/\/jugend.edelweiss-puettlingen.de\/wp-content\/uploads\/2019\/04\/FT65-768x533.jpg 768w, http:\/\/jugend.edelweiss-puettlingen.de\/wp-content\/uploads\/2019\/04\/FT65.jpg 1200w\" sizes=\"(max-width: 1024px) 100vw, 1024px\" \/><\/figure><\/li><\/ul>\n\n\n\n<div class=\"wp-block-image\"><figure class=\"aligncenter\"><a href=\"http:\/\/jugend.edelweiss-puettlingen.de\/?page_id=379\"><img loading=\"lazy\" width=\"50\" height=\"50\" src=\"http:\/\/jugend.edelweiss-puettlingen.de\/wp-content\/uploads\/2019\/04\/back-e1555163565790.jpg\" alt=\"\" class=\"wp-image-7\"\/><\/a><\/figure><\/div>\n","protected":false},"excerpt":{"rendered":"<p>Fahrradtour durch das Saaland vom 07. bia 10. Juli 1995. Die Fahrt ging von P\u00fcttlingen nach Tholey, von dort weiter<\/p>\n","protected":false},"author":1,"featured_media":0,"parent":379,"menu_order":1,"comment_status":"closed","ping_status":"closed","template":"template-centered.php","meta":[],"_links":{"self":[{"href":"http:\/\/jugend.edelweiss-puettlingen.de\/index.php?rest_route=\/wp\/v2\/pages\/312"}],"collection":[{"href":"http:\/\/jugend.edelweiss-puettlingen.de\/index.php?rest_route=\/wp\/v2\/pages"}],"about":[{"href":"http:\/\/jugend.edelweiss-puettlingen.de\/index.php?rest_route=\/wp\/v2\/types\/page"}],"author":[{"embeddable":true,"href":"http:\/\/jugend.edelweiss-puettlingen.de\/index.php?rest_route=\/wp\/v2\/users\/1"}],"replies":[{"embeddable":true,"href":"http:\/\/jugend.edelweiss-puettlingen.de\/index.php?rest_route=%2Fwp%2Fv2%2Fcomments&post=312"}],"version-history":[{"count":3,"href":"http:\/\/jugend.edelweiss-puettlingen.de\/index.php?rest_route=\/wp\/v2\/pages\/312\/revisions"}],"predecessor-version":[{"id":402,"href":"http:\/\/jugend.edelweiss-puettlingen.de\/index.php?rest_route=\/wp\/v2\/pages\/312\/revisions\/402"}],"up":[{"embeddable":true,"href":"http:\/\/jugend.edelweiss-puettlingen.de\/index.php?rest_route=\/wp\/v2\/pages\/379"}],"wp:attachment":[{"href":"http:\/\/jugend.edelweiss-puettlingen.de\/index.php?rest_route=%2Fwp%2Fv2%2Fmedia&parent=312"}],"curies":[{"name":"wp","href":"https:\/\/api.w.org\/{rel}","templated":true}]}}